{"id":614,"date":"2022-04-08T18:25:03","date_gmt":"2022-04-08T16:25:03","guid":{"rendered":"http:\/\/thomasdoetsch.de\/NEU\/?page_id=614"},"modified":"2022-05-16T11:37:40","modified_gmt":"2022-05-16T09:37:40","slug":"impressum","status":"publish","type":"page","link":"http:\/\/thomasdoetsch.de\/?page_id=614","title":{"rendered":"Impressum"},"content":{"rendered":"\t\t<div data-elementor-type=\"wp-page\" data-elementor-id=\"614\" class=\"elementor elementor-614\">\n\t\t\t\t\t\t\t\t\t<section class=\"elementor-section elementor-top-section elementor-element elementor-element-e2b273d elementor-section-boxed elementor-section-height-default elementor-section-height-default parallax_section_no qode_elementor_container_no\" data-id=\"e2b273d\" data-element_type=\"section\">\n\t\t\t\t\t\t<div class=\"elementor-container elementor-column-gap-default\">\n\t\t\t\t\t<div class=\"elementor-column elementor-col-16 elementor-top-column elementor-element elementor-element-0a84d40\" data-id=\"0a84d40\" data-element_type=\"column\">\n\t\t\t<div class=\"elementor-widget-wrap\">\n\t\t\t\t\t\t\t\t\t<\/div>\n\t\t<\/div>\n\t\t\t\t<div class=\"elementor-column elementor-col-66 elementor-top-column elementor-element elementor-element-85ae886\" data-id=\"85ae886\" data-element_type=\"column\">\n\t\t\t<div class=\"elementor-widget-wrap elementor-element-populated\">\n\t\t\t\t\t\t\t\t<div class=\"elementor-element elementor-element-53256c2 elementor-widget elementor-widget-text-editor\" data-id=\"53256c2\" data-element_type=\"widget\" data-widget_type=\"text-editor.default\">\n\t\t\t\t<div class=\"elementor-widget-container\">\n\t\t\t<style>\/*! elementor - v3.6.2 - 04-04-2022 *\/\n.elementor-widget-text-editor.elementor-drop-cap-view-stacked .elementor-drop-cap{background-color:#818a91;color:#fff}.elementor-widget-text-editor.elementor-drop-cap-view-framed .elementor-drop-cap{color:#818a91;border:3px solid;background-color:transparent}.elementor-widget-text-editor:not(.elementor-drop-cap-view-default) .elementor-drop-cap{margin-top:8px}.elementor-widget-text-editor:not(.elementor-drop-cap-view-default) .elementor-drop-cap-letter{width:1em;height:1em}.elementor-widget-text-editor .elementor-drop-cap{float:left;text-align:center;line-height:1;font-size:50px}.elementor-widget-text-editor .elementor-drop-cap-letter{display:inline-block}<\/style>\t\t\t\t<div class=\"content-box content-box-1\"><p>Thomas Doetsch<br \/>Sch\u00f6nhauser Allee 64<br \/>10437 Berlin<\/p><p>\u00a0<\/p><p>Telefon:\u00a0030-446.73.253<br \/>E-Mail: <a href=\"mailto:post@thomasdoetsch.de\">post@thomasdoetsch.de<\/a><\/p><p>\u00a0<\/p><p>\u00a9 Copyright 2022 thomas doetsch architekt<\/p><p>\u00a0<\/p><p>Alle Rechte vorbehalten. Texte und Bilder unterliegen dem Urheberrecht. <br \/>Inhaltlich verantwortlich: Thomas Doetsch<\/p><p>\u00a0<\/p><p><b>Gestaltung und Umsetzung: <\/b><br \/>Matthies Weber &amp; Schnegg<\/p><\/div><div class=\"content-box content-box-2\"><p>\u00a0<\/p><p><b>Haftungsausschluss<\/b><br \/>Trotz sorgf\u00e4ltiger inhaltlicher Kontrolle \u00fcbernehmen wir keine Haftung f\u00fcr die Inhalte externer Links. F\u00fcr den Inhalt der verlinkten Seiten sind ausschlie\u00dflich deren Betreiber verantwortlich.<\/p><p>\u00a0<\/p><p><b>Datenschutzerkl\u00e4rung<\/b><br \/>Wir erheben, verarbeiten und nutzen Ihre Daten nur im Rahmen der gesetzlichen Bestimmungen. Diese Datenschutzerkl\u00e4rung gilt ausschlie\u00dflich f\u00fcr die Nutzung der von uns angebotenen Webseiten. Sie gilt nicht f\u00fcr die Webseiten anderer Dienstanbieter, auf die wir lediglich durch einen Link verweisen. Bei der Nutzung unserer Webseiten bleiben Sie anonym. Wenn Sie von uns gezeigte Bilder oder Inhalte berichtigen, l\u00f6schen oder einsehen wollen, gen\u00fcgt hierf\u00fcr ein Schreiben an die im Impressum angegebene Adresse.<\/p><p>\u00a0<\/p><p><b>Inhalt<\/b><br \/>Der Inhalt dieser Seiten wurde mit gr\u00f6\u00dftm\u00f6glicher Sorgfalt erarbeitet und zusammengestellt. Thomas Doetsch kann jedoch keine Gew\u00e4hr f\u00fcr die Fehlerfreiheit der dargestellten Informationen gew\u00e4hrleisten. Thomas Doetsch schlie\u00dft jegliche Haftung f\u00fcr Sch\u00e4den, die direkt oder indirekt aus der Nutzung dieser Website entstehen, aus. Des Weiteren beh\u00e4lt sich Thomas Doetsch das Recht vor, jederzeit \u00c4nderungen oder Erg\u00e4nzungen der bereitgestellten Informationen vorzunehmen.<\/p><p>\u00a0<\/p><p><b>Links und sonstige Verweise<\/b><br \/>Sofern Thomas Doetsch direkt oder indirekt auf fremde Internetseiten verweist, kann er f\u00fcr den Inhalt der Seiten keine Haftung \u00fcbernehmen. Thomas Doetsch erkl\u00e4rt hiermit ausdr\u00fccklich, dass zum Zeitpunkt der Linkerstellung die verlinkten Seiten keine illegalen Inhalte enthalten haben. Thomas Doetsch hat keinerlei Einfluss auf die aktuelle und zuk\u00fcnftige Gestaltung der verlinkten Seiten. Inhaltlichen \u00c4nderungen, die nach der Linksetzung auf den verlinkten Seiten vorgenommen werden, unterliegen nicht dem Einfluss von Thomas Doetsch. Thomas Doetsch haftet nicht f\u00fcr illegale, fehlerhafte oder unvollst\u00e4ndige Inhalte und insbesondere f\u00fcr Sch\u00e4den, die durch Nutzung oder Nichtnutzung der auf den verlinkten Seiten angebotenen Informationen entstehen.<\/p><p>\u00a0<\/p><p><b>Urheberrecht<\/b><br \/>Inhalte, Struktur und Gestaltung der Webseite sind geistiges Eigentum und urheberrechtlich gesch\u00fctzt. Alle Rechte vorbehalten. Alle Texte, Bilder, Grafiken, Illustrationen, Ton-, Video- und Animationsdateien unterliegen dem Urheberrecht und anderen Gesetzen zum Schutz des geistigen Eigentums. Sie d\u00fcrfen weder f\u00fcr Handelszwecke noch zur Weitergabe kopiert, ver\u00e4ndert und auf anderen Webseiten verwendet werden. Insbesondere die Verwendung von Texten, Textteilen oder Bildmaterial, bedarf der vorherigen schriftlichen Zustimmung von Thomas Doetsch. Alle innerhalb des Internetangebots genannten und gegebenenfalls durch Dritte gesch\u00fctzten Marken- und Warenzeichen unterliegen uneingeschr\u00e4nkt den Bestimmungen des jeweils g\u00fcltigen Kennzeichenrechts und den Besitzrechten der jeweiligen eingetragenen Eigent\u00fcmer.<\/p><\/div>\t\t\t\t\t\t<\/div>\n\t\t\t\t<\/div>\n\t\t\t\t\t<\/div>\n\t\t<\/div>\n\t\t\t\t<div class=\"elementor-column elementor-col-16 elementor-top-column elementor-element elementor-element-bf1768e\" data-id=\"bf1768e\" data-element_type=\"column\">\n\t\t\t<div class=\"elementor-widget-wrap\">\n\t\t\t\t\t\t\t\t\t<\/div>\n\t\t<\/div>\n\t\t\t\t\t\t\t<\/div>\n\t\t<\/section>\n\t\t\t\t\t\t\t<\/div>\n\t\t","protected":false},"excerpt":{"rendered":"<p>Thomas DoetschSch\u00f6nhauser Allee 6410437 Berlin \u00a0 Telefon:\u00a0030-446.73.253E-Mail: post@thomasdoetsch.de \u00a0 \u00a9 Copyright 2022 thomas doetsch architekt \u00a0 Alle Rechte vorbehalten. Texte und Bilder unterliegen dem Urheberrecht. Inhaltlich verantwortlich: Thomas Doetsch \u00a0 Gestaltung und Umsetzung: Matthies Weber &amp; Schnegg \u00a0 HaftungsausschlussTrotz sorgf\u00e4ltiger inhaltlicher Kontrolle \u00fcbernehmen wir keine&#8230;<\/p>\n","protected":false},"author":1,"featured_media":0,"parent":0,"menu_order":0,"comment_status":"closed","ping_status":"closed","template":"","meta":{"footnotes":""},"class_list":["post-614","page","type-page","status-publish","hentry"],"yoast_head":"<!-- This site is optimized with the Yoast SEO plugin v19.2 - https:\/\/yoast.com\/wordpress\/plugins\/seo\/ -->\n<title>Impressum - thomas doetsch architekt<\/title>\n<meta name=\"robots\" content=\"index, follow, max-snippet:-1, max-image-preview:large, max-video-preview:-1\" \/>\n<link rel=\"canonical\" href=\"http:\/\/thomasdoetsch.de\/?page_id=614\" \/>\n<meta property=\"og:locale\" content=\"de_DE\" \/>\n<meta property=\"og:type\" content=\"article\" \/>\n<meta property=\"og:title\" content=\"Impressum - thomas doetsch architekt\" \/>\n<meta property=\"og:description\" content=\"Thomas DoetschSch\u00f6nhauser Allee 6410437 Berlin \u00a0 Telefon:\u00a0030-446.73.253E-Mail: post@thomasdoetsch.de \u00a0 \u00a9 Copyright 2022 thomas doetsch architekt \u00a0 Alle Rechte vorbehalten. Texte und Bilder unterliegen dem Urheberrecht. Inhaltlich verantwortlich: Thomas Doetsch \u00a0 Gestaltung und Umsetzung: Matthies Weber &amp; Schnegg \u00a0 HaftungsausschlussTrotz sorgf\u00e4ltiger inhaltlicher Kontrolle \u00fcbernehmen wir keine...\" \/>\n<meta property=\"og:url\" content=\"http:\/\/thomasdoetsch.de\/?page_id=614\" \/>\n<meta property=\"og:site_name\" content=\"thomas doetsch architekt\" \/>\n<meta property=\"article:modified_time\" content=\"2022-05-16T09:37:40+00:00\" \/>\n<meta name=\"author\" content=\"KATY\" \/>\n<meta name=\"twitter:card\" content=\"summary_large_image\" \/>\n<meta name=\"twitter:label1\" content=\"Gesch\u00e4tzte Lesezeit\" \/>\n\t<meta name=\"twitter:data1\" content=\"2\u00a0Minuten\" \/>\n<script type=\"application\/ld+json\" class=\"yoast-schema-graph\">{\"@context\":\"https:\/\/schema.org\",\"@graph\":[{\"@type\":[\"Person\",\"Organization\"],\"@id\":\"http:\/\/thomasdoetsch.de\/#\/schema\/person\/0488903dc5310678d90339fd9d8b2c8f\",\"name\":\"Thomas Doetsch\",\"image\":{\"@type\":\"ImageObject\",\"inLanguage\":\"de\",\"@id\":\"http:\/\/thomasdoetsch.de\/#\/schema\/person\/image\/\",\"url\":\"https:\/\/secure.gravatar.com\/avatar\/cc29bb57567c6b621a201e7093a9bc32b0e6e28732411b03ec824d85080cadd5?s=96&d=mm&r=g\",\"contentUrl\":\"https:\/\/secure.gravatar.com\/avatar\/cc29bb57567c6b621a201e7093a9bc32b0e6e28732411b03ec824d85080cadd5?s=96&d=mm&r=g\",\"caption\":\"Thomas Doetsch\"},\"logo\":{\"@id\":\"http:\/\/thomasdoetsch.de\/#\/schema\/person\/image\/\"}},{\"@type\":\"WebSite\",\"@id\":\"http:\/\/thomasdoetsch.de\/#website\",\"url\":\"http:\/\/thomasdoetsch.de\/\",\"name\":\"thomas doetsch architekt\",\"description\":\"\",\"publisher\":{\"@id\":\"http:\/\/thomasdoetsch.de\/#\/schema\/person\/0488903dc5310678d90339fd9d8b2c8f\"},\"potentialAction\":[{\"@type\":\"SearchAction\",\"target\":{\"@type\":\"EntryPoint\",\"urlTemplate\":\"http:\/\/thomasdoetsch.de\/?s={search_term_string}\"},\"query-input\":\"required name=search_term_string\"}],\"inLanguage\":\"de\"},{\"@type\":\"WebPage\",\"@id\":\"http:\/\/thomasdoetsch.de\/?page_id=614#webpage\",\"url\":\"http:\/\/thomasdoetsch.de\/?page_id=614\",\"name\":\"Impressum - thomas doetsch architekt\",\"isPartOf\":{\"@id\":\"http:\/\/thomasdoetsch.de\/#website\"},\"datePublished\":\"2022-04-08T16:25:03+00:00\",\"dateModified\":\"2022-05-16T09:37:40+00:00\",\"breadcrumb\":{\"@id\":\"http:\/\/thomasdoetsch.de\/?page_id=614#breadcrumb\"},\"inLanguage\":\"de\",\"potentialAction\":[{\"@type\":\"ReadAction\",\"target\":[\"http:\/\/thomasdoetsch.de\/?page_id=614\"]}]},{\"@type\":\"BreadcrumbList\",\"@id\":\"http:\/\/thomasdoetsch.de\/?page_id=614#breadcrumb\",\"itemListElement\":[{\"@type\":\"ListItem\",\"position\":1,\"name\":\"Startseite\",\"item\":\"http:\/\/thomasdoetsch.de\/\"},{\"@type\":\"ListItem\",\"position\":2,\"name\":\"Impressum\"}]}]}<\/script>\n<!-- \/ Yoast SEO plugin. -->","yoast_head_json":{"title":"Impressum - thomas doetsch architekt","robots":{"index":"index","follow":"follow","max-snippet":"max-snippet:-1","max-image-preview":"max-image-preview:large","max-video-preview":"max-video-preview:-1"},"canonical":"http:\/\/thomasdoetsch.de\/?page_id=614","og_locale":"de_DE","og_type":"article","og_title":"Impressum - thomas doetsch architekt","og_description":"Thomas DoetschSch\u00f6nhauser Allee 6410437 Berlin \u00a0 Telefon:\u00a0030-446.73.253E-Mail: post@thomasdoetsch.de \u00a0 \u00a9 Copyright 2022 thomas doetsch architekt \u00a0 Alle Rechte vorbehalten. Texte und Bilder unterliegen dem Urheberrecht. Inhaltlich verantwortlich: Thomas Doetsch \u00a0 Gestaltung und Umsetzung: Matthies Weber &amp; Schnegg \u00a0 HaftungsausschlussTrotz sorgf\u00e4ltiger inhaltlicher Kontrolle \u00fcbernehmen wir keine...","og_url":"http:\/\/thomasdoetsch.de\/?page_id=614","og_site_name":"thomas doetsch architekt","article_modified_time":"2022-05-16T09:37:40+00:00","author":"KATY","twitter_card":"summary_large_image","twitter_misc":{"Gesch\u00e4tzte Lesezeit":"2\u00a0Minuten"},"schema":{"@context":"https:\/\/schema.org","@graph":[{"@type":["Person","Organization"],"@id":"http:\/\/thomasdoetsch.de\/#\/schema\/person\/0488903dc5310678d90339fd9d8b2c8f","name":"Thomas Doetsch","image":{"@type":"ImageObject","inLanguage":"de","@id":"http:\/\/thomasdoetsch.de\/#\/schema\/person\/image\/","url":"https:\/\/secure.gravatar.com\/avatar\/cc29bb57567c6b621a201e7093a9bc32b0e6e28732411b03ec824d85080cadd5?s=96&d=mm&r=g","contentUrl":"https:\/\/secure.gravatar.com\/avatar\/cc29bb57567c6b621a201e7093a9bc32b0e6e28732411b03ec824d85080cadd5?s=96&d=mm&r=g","caption":"Thomas Doetsch"},"logo":{"@id":"http:\/\/thomasdoetsch.de\/#\/schema\/person\/image\/"}},{"@type":"WebSite","@id":"http:\/\/thomasdoetsch.de\/#website","url":"http:\/\/thomasdoetsch.de\/","name":"thomas doetsch architekt","description":"","publisher":{"@id":"http:\/\/thomasdoetsch.de\/#\/schema\/person\/0488903dc5310678d90339fd9d8b2c8f"},"potentialAction":[{"@type":"SearchAction","target":{"@type":"EntryPoint","urlTemplate":"http:\/\/thomasdoetsch.de\/?s={search_term_string}"},"query-input":"required name=search_term_string"}],"inLanguage":"de"},{"@type":"WebPage","@id":"http:\/\/thomasdoetsch.de\/?page_id=614#webpage","url":"http:\/\/thomasdoetsch.de\/?page_id=614","name":"Impressum - thomas doetsch architekt","isPartOf":{"@id":"http:\/\/thomasdoetsch.de\/#website"},"datePublished":"2022-04-08T16:25:03+00:00","dateModified":"2022-05-16T09:37:40+00:00","breadcrumb":{"@id":"http:\/\/thomasdoetsch.de\/?page_id=614#breadcrumb"},"inLanguage":"de","potentialAction":[{"@type":"ReadAction","target":["http:\/\/thomasdoetsch.de\/?page_id=614"]}]},{"@type":"BreadcrumbList","@id":"http:\/\/thomasdoetsch.de\/?page_id=614#breadcrumb","itemListElement":[{"@type":"ListItem","position":1,"name":"Startseite","item":"http:\/\/thomasdoetsch.de\/"},{"@type":"ListItem","position":2,"name":"Impressum"}]}]}},"_links":{"self":[{"href":"http:\/\/thomasdoetsch.de\/index.php?rest_route=\/wp\/v2\/pages\/614","targetHints":{"allow":["GET"]}}],"collection":[{"href":"http:\/\/thomasdoetsch.de\/index.php?rest_route=\/wp\/v2\/pages"}],"about":[{"href":"http:\/\/thomasdoetsch.de\/index.php?rest_route=\/wp\/v2\/types\/page"}],"author":[{"embeddable":true,"href":"http:\/\/thomasdoetsch.de\/index.php?rest_route=\/wp\/v2\/users\/1"}],"replies":[{"embeddable":true,"href":"http:\/\/thomasdoetsch.de\/index.php?rest_route=%2Fwp%2Fv2%2Fcomments&post=614"}],"version-history":[{"count":11,"href":"http:\/\/thomasdoetsch.de\/index.php?rest_route=\/wp\/v2\/pages\/614\/revisions"}],"predecessor-version":[{"id":1348,"href":"http:\/\/thomasdoetsch.de\/index.php?rest_route=\/wp\/v2\/pages\/614\/revisions\/1348"}],"wp:attachment":[{"href":"http:\/\/thomasdoetsch.de\/index.php?rest_route=%2Fwp%2Fv2%2Fmedia&parent=614"}],"curies":[{"name":"wp","href":"https:\/\/api.w.org\/{rel}","templated":true}]}}