{"id":310,"date":"2019-10-04T10:16:56","date_gmt":"2019-10-04T10:16:56","guid":{"rendered":"https:\/\/bridge259.qodeinteractive.com\/?page_id=310"},"modified":"2023-03-22T09:22:29","modified_gmt":"2023-03-22T08:22:29","slug":"about-us","status":"publish","type":"page","link":"http:\/\/thomasdoetsch.de\/?page_id=310","title":{"rendered":"B\u00fcro"},"content":{"rendered":"\t\t<div data-elementor-type=\"wp-page\" data-elementor-id=\"310\" class=\"elementor elementor-310\">\n\t\t\t\t\t\t\t\t\t<section class=\"elementor-section elementor-top-section elementor-element elementor-element-9472df6 elementor-section-full_width elementor-section-height-default elementor-section-height-default parallax_section_no qode_elementor_container_no\" data-id=\"9472df6\" data-element_type=\"section\">\n\t\t\t\t\t\t<div class=\"elementor-container elementor-column-gap-no\">\n\t\t\t\t\t<div class=\"elementor-column elementor-col-100 elementor-top-column elementor-element elementor-element-23963911\" data-id=\"23963911\" data-element_type=\"column\">\n\t\t\t<div class=\"elementor-widget-wrap elementor-element-populated\">\n\t\t\t\t\t\t\t\t<div class=\"elementor-element elementor-element-2f296935 elementor-widget elementor-widget-text-editor\" data-id=\"2f296935\" data-element_type=\"widget\" data-widget_type=\"text-editor.default\">\n\t\t\t\t<div class=\"elementor-widget-container\">\n\t\t\t<style>\/*! elementor - v3.6.2 - 04-04-2022 *\/\n.elementor-widget-text-editor.elementor-drop-cap-view-stacked .elementor-drop-cap{background-color:#818a91;color:#fff}.elementor-widget-text-editor.elementor-drop-cap-view-framed .elementor-drop-cap{color:#818a91;border:3px solid;background-color:transparent}.elementor-widget-text-editor:not(.elementor-drop-cap-view-default) .elementor-drop-cap{margin-top:8px}.elementor-widget-text-editor:not(.elementor-drop-cap-view-default) .elementor-drop-cap-letter{width:1em;height:1em}.elementor-widget-text-editor .elementor-drop-cap{float:left;text-align:center;line-height:1;font-size:50px}.elementor-widget-text-editor .elementor-drop-cap-letter{display:inline-block}<\/style>\t\t\t\t<h1>B\u00dcROSTRUKTUR<\/h1>\t\t\t\t\t\t<\/div>\n\t\t\t\t<\/div>\n\t\t\t\t<div class=\"elementor-element elementor-element-6917f06a elementor-widget elementor-widget-text-editor\" data-id=\"6917f06a\" data-element_type=\"widget\" data-widget_type=\"text-editor.default\">\n\t\t\t\t<div class=\"elementor-widget-container\">\n\t\t\t\t\t\t\t<div>&#8211; Gr\u00fcndung 2005<\/div><div>&#8211; Ausstellungsgestaltung ist besonderer Fokus<\/div><div>&#8211; Je nach Projektanforderung:\u00a0Selbst\u00e4ndige Arbeiten, Projekte f\u00fcr andere- B\u00fcros und Kooperationsprojekte mit anderen Planenden<\/div><div>&#8211; Ein Team aus Architekt*innen, Grafiker*innen, Szenograf*innen, Museumsp\u00e4dagog*innen, Medientechnik- und Lichtplaner*innen<\/div><div>&#8211; Ausstellungsprojekte &gt; 2000 m2 und &gt;1,0 Mio \u20ac Budget<\/div>\t\t\t\t\t\t<\/div>\n\t\t\t\t<\/div>\n\t\t\t\t\t<\/div>\n\t\t<\/div>\n\t\t\t\t\t\t\t<\/div>\n\t\t<\/section>\n\t\t\t\t<section class=\"elementor-section elementor-top-section elementor-element elementor-element-b47799b elementor-section-full_width elementor-section-height-default elementor-section-height-default parallax_section_no qode_elementor_container_no\" data-id=\"b47799b\" data-element_type=\"section\">\n\t\t\t\t\t\t<div class=\"elementor-container elementor-column-gap-no\">\n\t\t\t\t\t<div class=\"elementor-column elementor-col-100 elementor-top-column elementor-element elementor-element-c72cfd5\" data-id=\"c72cfd5\" data-element_type=\"column\">\n\t\t\t<div class=\"elementor-widget-wrap elementor-element-populated\">\n\t\t\t\t\t\t\t\t<div class=\"elementor-element elementor-element-89d7055 elementor-widget elementor-widget-spacer\" data-id=\"89d7055\" data-element_type=\"widget\" data-widget_type=\"spacer.default\">\n\t\t\t\t<div class=\"elementor-widget-container\">\n\t\t\t<style>\/*! elementor - v3.6.2 - 04-04-2022 *\/\n.e-container.e-container--row .elementor-spacer-inner{width:var(--spacer-size)}.e-container.e-container--column .elementor-spacer-inner,.elementor-column .elementor-spacer-inner{height:var(--spacer-size)}<\/style>\t\t<div class=\"elementor-spacer\">\n\t\t\t<div class=\"elementor-spacer-inner\"><\/div>\n\t\t<\/div>\n\t\t\t\t<\/div>\n\t\t\t\t<\/div>\n\t\t\t\t<div class=\"elementor-element elementor-element-d17009b elementor-widget elementor-widget-text-editor\" data-id=\"d17009b\" data-element_type=\"widget\" data-widget_type=\"text-editor.default\">\n\t\t\t\t<div class=\"elementor-widget-container\">\n\t\t\t\t\t\t\t<h1>GESCH\u00c4FTSFELDER UND LEISTUNGSSPEKTRUM<\/h1>\t\t\t\t\t\t<\/div>\n\t\t\t\t<\/div>\n\t\t\t\t<div class=\"elementor-element elementor-element-413b6cb elementor-widget elementor-widget-text-editor\" data-id=\"413b6cb\" data-element_type=\"widget\" data-widget_type=\"text-editor.default\">\n\t\t\t\t<div class=\"elementor-widget-container\">\n\t\t\t\t\t\t\t<div>Planungen f\u00fcr Hochbauten, Ausstellungen und Raumbildende Ausbauten in\u00a0<\/div><div>allen Leistungsphasen nach HOAI und HOAS<\/div><div>\u00a0<\/div><div><strong>Leistungen und Aufgabengebiete im Detail<\/strong><\/div><div>&#8211; Ausschreibung<\/div><div>&#8211; Abrissplanung<\/div><div>&#8211; Bauleitung<\/div><div>&#8211; Bauherrenberatung<\/div><div>&#8211; Konzeption von Ausstellungen und Mitarbeit bei den Ausstellungsinhalten<\/div><div>&#8211; Szenografie<\/div><div>&#8211; Konzeption und Umsetzung Museumsp\u00e4dagogische Stationen\/Hands-On<\/div><div>&#8211; Ausstellungsgrafik<\/div><div>&#8211; Planung Exponatverortung<\/div><div>&#8211; Medientechnikplanung<\/div><div>&#8211; Lichtplanung<\/div><div>&#8211; Erstellung der Inhalte von Medienstationen\u00a0<\/div><div>&#8211; Inklusionskonzepte<\/div>\t\t\t\t\t\t<\/div>\n\t\t\t\t<\/div>\n\t\t\t\t\t<\/div>\n\t\t<\/div>\n\t\t\t\t\t\t\t<\/div>\n\t\t<\/section>\n\t\t\t\t<section class=\"elementor-section elementor-top-section elementor-element elementor-element-116b291 elementor-section-full_width elementor-section-height-default elementor-section-height-default parallax_section_no qode_elementor_container_no\" data-id=\"116b291\" data-element_type=\"section\">\n\t\t\t\t\t\t<div class=\"elementor-container elementor-column-gap-no\">\n\t\t\t\t\t<div class=\"elementor-column elementor-col-100 elementor-top-column elementor-element elementor-element-43e992c\" data-id=\"43e992c\" data-element_type=\"column\">\n\t\t\t<div class=\"elementor-widget-wrap elementor-element-populated\">\n\t\t\t\t\t\t\t\t<div class=\"elementor-element elementor-element-154eba8 elementor-widget elementor-widget-spacer\" data-id=\"154eba8\" data-element_type=\"widget\" data-widget_type=\"spacer.default\">\n\t\t\t\t<div class=\"elementor-widget-container\">\n\t\t\t\t\t<div class=\"elementor-spacer\">\n\t\t\t<div class=\"elementor-spacer-inner\"><\/div>\n\t\t<\/div>\n\t\t\t\t<\/div>\n\t\t\t\t<\/div>\n\t\t\t\t<div class=\"elementor-element elementor-element-3468341 elementor-widget elementor-widget-text-editor\" data-id=\"3468341\" data-element_type=\"widget\" data-widget_type=\"text-editor.default\">\n\t\t\t\t<div class=\"elementor-widget-container\">\n\t\t\t\t\t\t\t<h1>KURZVORSTELLUNG TEAM<\/h1>\t\t\t\t\t\t<\/div>\n\t\t\t\t<\/div>\n\t\t\t\t<div class=\"elementor-element elementor-element-5d3b8a1 elementor-widget elementor-widget-text-editor\" data-id=\"5d3b8a1\" data-element_type=\"widget\" data-widget_type=\"text-editor.default\">\n\t\t\t\t<div class=\"elementor-widget-container\">\n\t\t\t\t\t\t\t<div><strong>PROJEKTLEITUNG UND ARCHITEKTUR\/GESTALTUNG<\/strong><\/div>\n<div><strong>Thomas Doetsch<\/strong><\/div>\n<div>&#8211; Studium Architektur in M\u00fcnchen und Berlin&nbsp;<\/div>\n<div>&#8211; Mitglied der Berliner Architektenkammer<\/div>\n<div>&#8211; Spezialisierung auf Ausstellungsplanungen f\u00fcr Museen<\/div>\n<div>&#8211; langj\u00e4hrige Erfahrungen im Bereich Ausstellungsgestaltung und -planung in allen HOAI\/HOAS-Phasen<\/div>\n<div>&nbsp;<\/div>\n<div><strong>GRAFIK UND GESTALTUNG<\/strong><\/div>\n<div><strong>Anke Tiggemann<\/strong><\/div>\n<div>&#8211; Studium Innenarchitektur in Detmold<\/div>\n<div>&#8211; Mitarbeit in B\u00fcros f\u00fcr Architektur und Innenarchitektur in M\u00fcnster, Detmold und Berlin.&nbsp;<\/div>\n<div>&#8211; Seit 2010 freiberuflich als Grafikerin und Autorin f\u00fcr den Berliner Architekturbuchverlag DOM publishers t\u00e4tig<\/div>\n<div>&#8211; Zusammenarbeit mit Thomas Doetsch seit 2015 u.a. f\u00fcr die G\u00f6rlitzer Projekte.<\/div>\n<div>&nbsp;<\/div>\n<div><strong>MUSEUMSP\u00c4DAGOGISCHE KONZEPTE UND&nbsp;<\/strong><strong>INKLUSION&nbsp;<\/strong><\/div>\n<div><strong>Kati Misselwitz<\/strong><\/div>\n<div>&#8211; Studium &nbsp;Allgemeine und Vergleichende Literaturwissenschaft, Skandinavistik und Medienwissenschaft in Berlin und \u00adKopenhagen<\/div>\n<div>&#8211; Abschluss als Diplom-Medienberaterin<\/div>\n<div>&#8211; Zusammenarbeit mit Thomas Doetsch seit 2010 u.a. f\u00fcr die Dauerausstellung des Kulturhistorischen Museums G\u00f6rlitz (KHM), vor allem verantwortlich f\u00fcr die Konzeption der museumsp\u00e4dagogischen Elemente<\/div>\n<div>&nbsp;<\/div>\n<div><strong>Team seit 2005<\/strong><\/div>\n<div>Thomas Buhk, Karl Frevert, Phillip Jansen, Dr. Petra Metz, Johanna Misselwitz, Kati Misselwitz, Vivien Palloks, Luciana Siggel, Frank Szelinski, Anke Tiggemann, Markus Tiggemann<\/div>\t\t\t\t\t\t<\/div>\n\t\t\t\t<\/div>\n\t\t\t\t<div class=\"elementor-element elementor-element-e9a1ec1 elementor-widget elementor-widget-spacer\" data-id=\"e9a1ec1\" data-element_type=\"widget\" data-widget_type=\"spacer.default\">\n\t\t\t\t<div class=\"elementor-widget-container\">\n\t\t\t\t\t<div class=\"elementor-spacer\">\n\t\t\t<div class=\"elementor-spacer-inner\"><\/div>\n\t\t<\/div>\n\t\t\t\t<\/div>\n\t\t\t\t<\/div>\n\t\t\t\t\t<\/div>\n\t\t<\/div>\n\t\t\t\t\t\t\t<\/div>\n\t\t<\/section>\n\t\t\t\t\t\t\t<\/div>\n\t\t","protected":false},"excerpt":{"rendered":"<p>B\u00dcROSTRUKTUR &#8211; Gr\u00fcndung 2005- Ausstellungsgestaltung ist besonderer Fokus- Je nach Projektanforderung:\u00a0Selbst\u00e4ndige Arbeiten, Projekte f\u00fcr andere- B\u00fcros und Kooperationsprojekte mit anderen Planenden- Ein Team aus Architekt*innen, Grafiker*innen, Szenograf*innen, Museumsp\u00e4dagog*innen, Medientechnik- und Lichtplaner*innen- Ausstellungsprojekte &gt; 2000 m2 und &gt;1,0 Mio \u20ac Budget GESCH\u00c4FTSFELDER UND LEISTUNGSSPEKTRUM Planungen f\u00fcr&#8230;<\/p>\n","protected":false},"author":1,"featured_media":0,"parent":0,"menu_order":0,"comment_status":"closed","ping_status":"closed","template":"full_width.php","meta":{"footnotes":""},"class_list":["post-310","page","type-page","status-publish","hentry"],"yoast_head":"<!-- This site is optimized with the Yoast SEO plugin v19.2 - https:\/\/yoast.com\/wordpress\/plugins\/seo\/ -->\n<title>B\u00fcro - thomas doetsch architekt<\/title>\n<meta name=\"robots\" content=\"index, follow, max-snippet:-1, max-image-preview:large, max-video-preview:-1\" \/>\n<link rel=\"canonical\" href=\"http:\/\/thomasdoetsch.de\/?page_id=310\" \/>\n<meta property=\"og:locale\" content=\"de_DE\" \/>\n<meta property=\"og:type\" content=\"article\" \/>\n<meta property=\"og:title\" content=\"B\u00fcro - thomas doetsch architekt\" \/>\n<meta property=\"og:description\" content=\"B\u00dcROSTRUKTUR &#8211; Gr\u00fcndung 2005- Ausstellungsgestaltung ist besonderer Fokus- Je nach Projektanforderung:\u00a0Selbst\u00e4ndige Arbeiten, Projekte f\u00fcr andere- B\u00fcros und Kooperationsprojekte mit anderen Planenden- Ein Team aus Architekt*innen, Grafiker*innen, Szenograf*innen, Museumsp\u00e4dagog*innen, Medientechnik- und Lichtplaner*innen- Ausstellungsprojekte &gt; 2000 m2 und &gt;1,0 Mio \u20ac Budget GESCH\u00c4FTSFELDER UND LEISTUNGSSPEKTRUM Planungen f\u00fcr...\" \/>\n<meta property=\"og:url\" content=\"http:\/\/thomasdoetsch.de\/?page_id=310\" \/>\n<meta property=\"og:site_name\" content=\"thomas doetsch architekt\" \/>\n<meta property=\"article:modified_time\" content=\"2023-03-22T08:22:29+00:00\" \/>\n<meta name=\"author\" content=\"KATY\" \/>\n<meta name=\"twitter:card\" content=\"summary_large_image\" \/>\n<meta name=\"twitter:label1\" content=\"Gesch\u00e4tzte Lesezeit\" \/>\n\t<meta name=\"twitter:data1\" content=\"2\u00a0Minuten\" \/>\n<script type=\"application\/ld+json\" class=\"yoast-schema-graph\">{\"@context\":\"https:\/\/schema.org\",\"@graph\":[{\"@type\":[\"Person\",\"Organization\"],\"@id\":\"http:\/\/thomasdoetsch.de\/#\/schema\/person\/0488903dc5310678d90339fd9d8b2c8f\",\"name\":\"Thomas Doetsch\",\"image\":{\"@type\":\"ImageObject\",\"inLanguage\":\"de\",\"@id\":\"http:\/\/thomasdoetsch.de\/#\/schema\/person\/image\/\",\"url\":\"https:\/\/secure.gravatar.com\/avatar\/cc29bb57567c6b621a201e7093a9bc32b0e6e28732411b03ec824d85080cadd5?s=96&d=mm&r=g\",\"contentUrl\":\"https:\/\/secure.gravatar.com\/avatar\/cc29bb57567c6b621a201e7093a9bc32b0e6e28732411b03ec824d85080cadd5?s=96&d=mm&r=g\",\"caption\":\"Thomas Doetsch\"},\"logo\":{\"@id\":\"http:\/\/thomasdoetsch.de\/#\/schema\/person\/image\/\"}},{\"@type\":\"WebSite\",\"@id\":\"http:\/\/thomasdoetsch.de\/#website\",\"url\":\"http:\/\/thomasdoetsch.de\/\",\"name\":\"thomas doetsch architekt\",\"description\":\"\",\"publisher\":{\"@id\":\"http:\/\/thomasdoetsch.de\/#\/schema\/person\/0488903dc5310678d90339fd9d8b2c8f\"},\"potentialAction\":[{\"@type\":\"SearchAction\",\"target\":{\"@type\":\"EntryPoint\",\"urlTemplate\":\"http:\/\/thomasdoetsch.de\/?s={search_term_string}\"},\"query-input\":\"required name=search_term_string\"}],\"inLanguage\":\"de\"},{\"@type\":\"WebPage\",\"@id\":\"http:\/\/thomasdoetsch.de\/?page_id=310#webpage\",\"url\":\"http:\/\/thomasdoetsch.de\/?page_id=310\",\"name\":\"B\u00fcro - thomas doetsch architekt\",\"isPartOf\":{\"@id\":\"http:\/\/thomasdoetsch.de\/#website\"},\"datePublished\":\"2019-10-04T10:16:56+00:00\",\"dateModified\":\"2023-03-22T08:22:29+00:00\",\"breadcrumb\":{\"@id\":\"http:\/\/thomasdoetsch.de\/?page_id=310#breadcrumb\"},\"inLanguage\":\"de\",\"potentialAction\":[{\"@type\":\"ReadAction\",\"target\":[\"http:\/\/thomasdoetsch.de\/?page_id=310\"]}]},{\"@type\":\"BreadcrumbList\",\"@id\":\"http:\/\/thomasdoetsch.de\/?page_id=310#breadcrumb\",\"itemListElement\":[{\"@type\":\"ListItem\",\"position\":1,\"name\":\"Startseite\",\"item\":\"http:\/\/thomasdoetsch.de\/\"},{\"@type\":\"ListItem\",\"position\":2,\"name\":\"B\u00fcro\"}]}]}<\/script>\n<!-- \/ Yoast SEO plugin. -->","yoast_head_json":{"title":"B\u00fcro - thomas doetsch architekt","robots":{"index":"index","follow":"follow","max-snippet":"max-snippet:-1","max-image-preview":"max-image-preview:large","max-video-preview":"max-video-preview:-1"},"canonical":"http:\/\/thomasdoetsch.de\/?page_id=310","og_locale":"de_DE","og_type":"article","og_title":"B\u00fcro - thomas doetsch architekt","og_description":"B\u00dcROSTRUKTUR &#8211; Gr\u00fcndung 2005- Ausstellungsgestaltung ist besonderer Fokus- Je nach Projektanforderung:\u00a0Selbst\u00e4ndige Arbeiten, Projekte f\u00fcr andere- B\u00fcros und Kooperationsprojekte mit anderen Planenden- Ein Team aus Architekt*innen, Grafiker*innen, Szenograf*innen, Museumsp\u00e4dagog*innen, Medientechnik- und Lichtplaner*innen- Ausstellungsprojekte &gt; 2000 m2 und &gt;1,0 Mio \u20ac Budget GESCH\u00c4FTSFELDER UND LEISTUNGSSPEKTRUM Planungen f\u00fcr...","og_url":"http:\/\/thomasdoetsch.de\/?page_id=310","og_site_name":"thomas doetsch architekt","article_modified_time":"2023-03-22T08:22:29+00:00","author":"KATY","twitter_card":"summary_large_image","twitter_misc":{"Gesch\u00e4tzte Lesezeit":"2\u00a0Minuten"},"schema":{"@context":"https:\/\/schema.org","@graph":[{"@type":["Person","Organization"],"@id":"http:\/\/thomasdoetsch.de\/#\/schema\/person\/0488903dc5310678d90339fd9d8b2c8f","name":"Thomas Doetsch","image":{"@type":"ImageObject","inLanguage":"de","@id":"http:\/\/thomasdoetsch.de\/#\/schema\/person\/image\/","url":"https:\/\/secure.gravatar.com\/avatar\/cc29bb57567c6b621a201e7093a9bc32b0e6e28732411b03ec824d85080cadd5?s=96&d=mm&r=g","contentUrl":"https:\/\/secure.gravatar.com\/avatar\/cc29bb57567c6b621a201e7093a9bc32b0e6e28732411b03ec824d85080cadd5?s=96&d=mm&r=g","caption":"Thomas Doetsch"},"logo":{"@id":"http:\/\/thomasdoetsch.de\/#\/schema\/person\/image\/"}},{"@type":"WebSite","@id":"http:\/\/thomasdoetsch.de\/#website","url":"http:\/\/thomasdoetsch.de\/","name":"thomas doetsch architekt","description":"","publisher":{"@id":"http:\/\/thomasdoetsch.de\/#\/schema\/person\/0488903dc5310678d90339fd9d8b2c8f"},"potentialAction":[{"@type":"SearchAction","target":{"@type":"EntryPoint","urlTemplate":"http:\/\/thomasdoetsch.de\/?s={search_term_string}"},"query-input":"required name=search_term_string"}],"inLanguage":"de"},{"@type":"WebPage","@id":"http:\/\/thomasdoetsch.de\/?page_id=310#webpage","url":"http:\/\/thomasdoetsch.de\/?page_id=310","name":"B\u00fcro - thomas doetsch architekt","isPartOf":{"@id":"http:\/\/thomasdoetsch.de\/#website"},"datePublished":"2019-10-04T10:16:56+00:00","dateModified":"2023-03-22T08:22:29+00:00","breadcrumb":{"@id":"http:\/\/thomasdoetsch.de\/?page_id=310#breadcrumb"},"inLanguage":"de","potentialAction":[{"@type":"ReadAction","target":["http:\/\/thomasdoetsch.de\/?page_id=310"]}]},{"@type":"BreadcrumbList","@id":"http:\/\/thomasdoetsch.de\/?page_id=310#breadcrumb","itemListElement":[{"@type":"ListItem","position":1,"name":"Startseite","item":"http:\/\/thomasdoetsch.de\/"},{"@type":"ListItem","position":2,"name":"B\u00fcro"}]}]}},"_links":{"self":[{"href":"http:\/\/thomasdoetsch.de\/index.php?rest_route=\/wp\/v2\/pages\/310","targetHints":{"allow":["GET"]}}],"collection":[{"href":"http:\/\/thomasdoetsch.de\/index.php?rest_route=\/wp\/v2\/pages"}],"about":[{"href":"http:\/\/thomasdoetsch.de\/index.php?rest_route=\/wp\/v2\/types\/page"}],"author":[{"embeddable":true,"href":"http:\/\/thomasdoetsch.de\/index.php?rest_route=\/wp\/v2\/users\/1"}],"replies":[{"embeddable":true,"href":"http:\/\/thomasdoetsch.de\/index.php?rest_route=%2Fwp%2Fv2%2Fcomments&post=310"}],"version-history":[{"count":52,"href":"http:\/\/thomasdoetsch.de\/index.php?rest_route=\/wp\/v2\/pages\/310\/revisions"}],"predecessor-version":[{"id":1342,"href":"http:\/\/thomasdoetsch.de\/index.php?rest_route=\/wp\/v2\/pages\/310\/revisions\/1342"}],"wp:attachment":[{"href":"http:\/\/thomasdoetsch.de\/index.php?rest_route=%2Fwp%2Fv2%2Fmedia&parent=310"}],"curies":[{"name":"wp","href":"https:\/\/api.w.org\/{rel}","templated":true}]}}