{"id":3,"date":"2022-04-01T10:44:04","date_gmt":"2022-04-01T08:44:04","guid":{"rendered":"http:\/\/thomasdoetsch.de\/NEU\/?page_id=3"},"modified":"2022-10-18T15:54:11","modified_gmt":"2022-10-18T13:54:11","slug":"datenschutzerklaerung","status":"publish","type":"page","link":"http:\/\/thomasdoetsch.de\/?page_id=3","title":{"rendered":"Datenschutzerkl\u00e4rung"},"content":{"rendered":"\t\t<div data-elementor-type=\"wp-page\" data-elementor-id=\"3\" class=\"elementor elementor-3\">\n\t\t\t\t\t\t\t\t\t<section class=\"elementor-section elementor-top-section elementor-element elementor-element-4505e47b elementor-section-boxed elementor-section-height-default elementor-section-height-default parallax_section_no qode_elementor_container_no\" data-id=\"4505e47b\" data-element_type=\"section\">\n\t\t\t\t\t\t<div class=\"elementor-container elementor-column-gap-default\">\n\t\t\t\t\t<div class=\"elementor-column elementor-col-100 elementor-top-column elementor-element elementor-element-37d8c0bd\" data-id=\"37d8c0bd\" data-element_type=\"column\">\n\t\t\t<div class=\"elementor-widget-wrap elementor-element-populated\">\n\t\t\t\t\t\t\t\t<div class=\"elementor-element elementor-element-da256b2 elementor-widget elementor-widget-text-editor\" data-id=\"da256b2\" data-element_type=\"widget\" data-widget_type=\"text-editor.default\">\n\t\t\t\t<div class=\"elementor-widget-container\">\n\t\t\t<style>\/*! elementor - v3.6.2 - 04-04-2022 *\/\n.elementor-widget-text-editor.elementor-drop-cap-view-stacked .elementor-drop-cap{background-color:#818a91;color:#fff}.elementor-widget-text-editor.elementor-drop-cap-view-framed .elementor-drop-cap{color:#818a91;border:3px solid;background-color:transparent}.elementor-widget-text-editor:not(.elementor-drop-cap-view-default) .elementor-drop-cap{margin-top:8px}.elementor-widget-text-editor:not(.elementor-drop-cap-view-default) .elementor-drop-cap-letter{width:1em;height:1em}.elementor-widget-text-editor .elementor-drop-cap{float:left;text-align:center;line-height:1;font-size:50px}.elementor-widget-text-editor .elementor-drop-cap-letter{display:inline-block}<\/style>\t\t\t\t<p>Verantwortliche Stelle im Sinne der Datenschutzgesetze, insbesondere der EU-Datenschutzgrundverordnung (DSGVO), ist:<\/p><p>Thomas Doetsch<br \/>Sch\u00f6nhauser Allee 64<br \/>10437 Berlin<br \/>E-Mail: <a href=\"mailto:post@thomasdoetsch.de\">post@thomasdoetsch.de<\/a><\/p><p>Impressum: www.thomasdoetsch.de\/impressum<\/p><p><b>Ihre Betroffenenrechte<\/b><br \/>Unter den angegebenen Kontaktdaten unseres Datenschutzbeauftragten k\u00f6nnen Sie jederzeit folgende Rechte aus\u00fcben:<\/p><ul style=\"margin-left: 10px;\"><li>Auskunft \u00fcber Ihre bei uns gespeicherten Daten und deren Verarbeitung,<\/li><li>Berichtigung unrichtiger personenbezogener Daten,<\/li><li>L\u00f6schung Ihrer bei uns gespeicherten Daten,<\/li><li>Einschr\u00e4nkung der Datenverarbeitung, sofern wir Ihre Daten aufgrund gesetzlicher Pflichten noch nicht l\u00f6schen d\u00fcrfen,<\/li><li>Widerspruch gegen die Verarbeitung Ihrer Daten bei uns und<\/li><li>Daten\u00fcbertragbarkeit, sofern Sie in die Datenverarbeitung eingewilligt haben oder einen Vertrag mit uns abgeschlossen haben.<\/li><\/ul><p>Sofern Sie uns eine Einwilligung erteilt haben, k\u00f6nnen Sie diese jederzeit mit Wirkung f\u00fcr die Zukunft widerrufen.Sie k\u00f6nnen sich jederzeit mit einer Beschwerde an die f\u00fcr Sie zust\u00e4ndige Aufsichtsbeh\u00f6rde wenden. Ihre zust\u00e4ndige Aufsichtsbeh\u00f6rde richtet sich nach dem Bundesland Ihres Wohnsitzes, Ihrer Arbeit oder der mutma\u00dflichen Verletzung. Eine Liste der Aufsichtsbeh\u00f6rden (f\u00fcr den nicht\u00f6ffentlichen Bereich) mit Anschrift finden Sie unter:\u00a0<a href=\"https:\/\/www.bfdi.bund.de\/DE\/Infothek\/Anschriften_Links\/anschriften_links-node.html\" target=\"_blank\" rel=\"noopener\">https:\/\/www.bfdi.bund.de\/DE\/Infothek\/Anschriften_Links\/anschriften_links-node.html<\/a>.<\/p><p><b>Zwecke der Datenverarbeitung durch die verantwortliche Stelle und Dritte<\/b><br \/>Wir verarbeiten Ihre personenbezogenen Daten nur zu den in dieser Datenschutzerkl\u00e4rung genannten Zwecken. Eine \u00dcbermittlung Ihrer pers\u00f6nlichen Daten an Dritte zu anderen als den genannten Zwecken findet nicht statt. Wir geben Ihre pers\u00f6nlichen Daten nur an Dritte weiter, wenn:<\/p><ul style=\"margin-left: 10px;\"><li>Sie Ihre ausdr\u00fcckliche Einwilligung dazu erteilt haben,<\/li><li>die Verarbeitung zur Abwicklung eines Vertrags mit Ihnen erforderlich ist,<\/li><li>die Verarbeitung zur Erf\u00fcllung einer rechtlichen Verpflichtung erforderlich ist,<\/li><\/ul><p>die Verarbeitung zur Wahrung berechtigter Interessen erforderlich ist und kein Grund zur Annahme besteht, dass Sie ein \u00fcberwiegendes schutzw\u00fcrdiges Interesse an der Nichtweitergabe Ihrer Daten haben.<br style=\"margin: 0px; padding: 0px; border: 0px; outline: 0px; vertical-align: baseline;\" \/><br style=\"margin: 0px; padding: 0px; border: 0px; outline: 0px; vertical-align: baseline;\" \/><b><\/b><\/p><p><b>L\u00f6schung bzw. Sperrung der Daten<\/b><br \/>Wir halten uns an die Grunds\u00e4tze der Datenvermeidung und Datensparsamkeit. Wir speichern Ihre personenbezogenen Daten daher nur so lange, wie dies zur Erreichung der hier genannten Zwecke erforderlich ist oder wie es die vom Gesetzgeber vorgesehenen vielf\u00e4ltigen Speicherfristen vorsehen. Nach Fortfall des jeweiligen Zweckes bzw. Ablauf dieser Fristen werden die entsprechenden Daten routinem\u00e4\u00dfig und entsprechend den gesetzlichen Vorschriften gesperrt oder gel\u00f6scht.<br style=\"margin: 0px; padding: 0px; border: 0px; outline: 0px; vertical-align: baseline;\" \/><br \/><b><\/b><\/p><p><b>SSL-Verschl\u00fcsselung<\/b><br \/>Um die Sicherheit Ihrer Daten bei der \u00dcbertragung zu sch\u00fctzen, verwenden wir dem aktuellen Stand der Technik entsprechende Verschl\u00fcsselungsverfahren (z. B. SSL) \u00fcber HTTPS.<\/p><p>\u00a0<\/p><p><strong>Adobe Fonts<\/strong><\/p><p><em>Wie verwendet der Dienst \u201eAdobe Fonts\u201c f\u00fcr Websites Cookies?<\/em><\/p><p>Bei der Bereitstellung der Adobe Fonts-Website (<a href=\"https:\/\/fonts.adobe.com\/\" target=\"_blank\" rel=\"noopener\">fonts.adobe.com<\/a>) verwenden wir\u00a0<a href=\"https:\/\/www.adobe.com\/de\/privacy\/cookies.html\">Cookies<\/a>\u00a0gem\u00e4\u00df unserer Datenschutzerkl\u00e4rung. Im Zuge der Bereitstellung des Diensts \u201eAdobe Fonts\u201c f\u00fcr Websites platzieren oder verwenden wir keine Cookies auf Websites, um unsere Schriften bereitzustellen.<br \/><br \/><em>Welche Informationen werden vom Dienst \u201eAdobe Fonts\u201c f\u00fcr Websites erfasst?<\/em><\/p><p>Zur Bereitstellung des Diensts \u201eAdobe Fonts\u201c f\u00fcr Websites kann Adobe Informationen \u00fcber die Schriften bzw. Schriftarten erfassen, die f\u00fcr Ihre Website bereitgestellt werden. Die Informationen werden zur Abrechnung und Einhaltung von Vorschriften verwendet und k\u00f6nnen Folgendes umfassen:<\/p><p>&#8211; bereitgestellte Schriften<\/p><p>&#8211; ID des Webprojekts<\/p><p>&#8211; JavaScript-Version des Webprojekts (String)<\/p><p>&#8211; Art des Webprojekts (String \u201econfigurable\u201c oder \u201edynamic\u201c)<\/p><p>&#8211; Einbettungstyp (ob Sie den JavaScript- oder CSS-Einbettungscode verwenden)<\/p><p>&#8211; Konto-ID (identifiziert den Kunden, von dem das Webprojekt stammt)<\/p><p>&#8211; Dienst, der die Schriftarten bereitstellt (z. B. Adobe Fonts)<\/p><p>&#8211; Server, der die Schriftarten bereitstellt (z. B. Server von Adobe Fonts oder Unternehmens-CDN)<\/p><p>&#8211; Hostname der Seite, auf der die Schriften geladen werden<br \/><br \/><em>Wie verwendet der Dienst \u201eAdobe Fonts\u201c f\u00fcr Websites die von ihm erfassten Informationen?<\/em><\/p><p>Adobe verwendet die von Websites, die Adobe Fonts nutzen, erfassten Informationen, um den Dienst \u201eAdobe Fonts\u201c bereitzustellen und Liefer- oder Download-Probleme zu diagnostizieren. Diese Informationen werden auch genutzt, um die Vertr\u00e4ge von Adobe mit den Schriftenherstellern, deren Schriften verwendet werden, zu bezahlen und zu erf\u00fcllen. Wir teilen aggregierte Berichte mit Schriftenherstellern und best\u00e4tigen m\u00f6glicherweise einem Schriftenhersteller gegen\u00fcber, dass Sie \u00fcber eine g\u00fcltige Lizenz von Adobe verf\u00fcgen, geben aber anderweitig Ihre personenbezogenen Informationen nicht an Schriftenhersteller weiter.<\/p><p>\u00a0<\/p><p><b>\u00c4nderung unserer Datenschutzbestimmungen<\/b><br \/>Wir behalten uns vor, diese Datenschutzerkl\u00e4rung anzupassen, damit sie stets den aktuellen rechtlichen Anforderungen entspricht oder um \u00c4nderungen unserer Leistungen in der Datenschutzerkl\u00e4rung umzusetzen, z.B. bei der Einf\u00fchrung neuer Services. F\u00fcr Ihren erneuten Besuch gilt dann die neue Datenschutzerkl\u00e4rung.<br \/><br \/><b>Fragen an den Datenschutzbeauftragten<\/b><br \/>Wenn Sie Fragen zum Datenschutz haben, schreiben Sie uns bitte eine E-Mail oder wenden Sie sich direkt an die f\u00fcr den Datenschutz verantwortliche Person in unserer Organisation: <a href=\"mailto:post@thomasdoetsch.de\">post@thomasdoetsch.de<\/a><\/p><p><em>Die Datenschutzerkl\u00e4rung wurde mit dem\u00a0<\/em><a href=\"https:\/\/www.activemind.de\/datenschutz\/datenschutzhinweis-generator\/\" target=\"_blank\" rel=\"noopener\"><em>Datenschutzerkl\u00e4rungs-Generator der activeMind AG erstellt<\/em><\/a>.\u00a0<br \/><!-- \/wp:paragraph --><\/p>\t\t\t\t\t\t<\/div>\n\t\t\t\t<\/div>\n\t\t\t\t\t<\/div>\n\t\t<\/div>\n\t\t\t\t\t\t\t<\/div>\n\t\t<\/section>\n\t\t\t\t\t\t\t<\/div>\n\t\t","protected":false},"excerpt":{"rendered":"<p>Verantwortliche Stelle im Sinne der Datenschutzgesetze, insbesondere der EU-Datenschutzgrundverordnung (DSGVO), ist: Thomas DoetschSch\u00f6nhauser Allee 6410437 BerlinE-Mail: post@thomasdoetsch.de Impressum: www.thomasdoetsch.de\/impressum Ihre BetroffenenrechteUnter den angegebenen Kontaktdaten unseres Datenschutzbeauftragten k\u00f6nnen Sie jederzeit folgende Rechte aus\u00fcben: Auskunft \u00fcber Ihre bei uns gespeicherten Daten und deren Verarbeitung, Berichtigung unrichtiger personenbezogener&#8230;<\/p>\n","protected":false},"author":1,"featured_media":0,"parent":0,"menu_order":0,"comment_status":"closed","ping_status":"open","template":"","meta":{"footnotes":""},"class_list":["post-3","page","type-page","status-publish","hentry"],"yoast_head":"<!-- This site is optimized with the Yoast SEO plugin v19.2 - https:\/\/yoast.com\/wordpress\/plugins\/seo\/ -->\n<title>Datenschutzerkl\u00e4rung - thomas doetsch architekt<\/title>\n<meta name=\"robots\" content=\"index, follow, max-snippet:-1, max-image-preview:large, max-video-preview:-1\" \/>\n<link rel=\"canonical\" href=\"http:\/\/thomasdoetsch.de\/?page_id=3\" \/>\n<meta property=\"og:locale\" content=\"de_DE\" \/>\n<meta property=\"og:type\" content=\"article\" \/>\n<meta property=\"og:title\" content=\"Datenschutzerkl\u00e4rung - thomas doetsch architekt\" \/>\n<meta property=\"og:description\" content=\"Verantwortliche Stelle im Sinne der Datenschutzgesetze, insbesondere der EU-Datenschutzgrundverordnung (DSGVO), ist: Thomas DoetschSch\u00f6nhauser Allee 6410437 BerlinE-Mail: post@thomasdoetsch.de Impressum: www.thomasdoetsch.de\/impressum Ihre BetroffenenrechteUnter den angegebenen Kontaktdaten unseres Datenschutzbeauftragten k\u00f6nnen Sie jederzeit folgende Rechte aus\u00fcben: Auskunft \u00fcber Ihre bei uns gespeicherten Daten und deren Verarbeitung, Berichtigung unrichtiger personenbezogener...\" \/>\n<meta property=\"og:url\" content=\"http:\/\/thomasdoetsch.de\/?page_id=3\" \/>\n<meta property=\"og:site_name\" content=\"thomas doetsch architekt\" \/>\n<meta property=\"article:modified_time\" content=\"2022-10-18T13:54:11+00:00\" \/>\n<meta name=\"author\" content=\"KATY\" \/>\n<meta name=\"twitter:card\" content=\"summary_large_image\" \/>\n<meta name=\"twitter:label1\" content=\"Gesch\u00e4tzte Lesezeit\" \/>\n\t<meta name=\"twitter:data1\" content=\"4\u00a0Minuten\" \/>\n<script type=\"application\/ld+json\" class=\"yoast-schema-graph\">{\"@context\":\"https:\/\/schema.org\",\"@graph\":[{\"@type\":[\"Person\",\"Organization\"],\"@id\":\"http:\/\/thomasdoetsch.de\/#\/schema\/person\/0488903dc5310678d90339fd9d8b2c8f\",\"name\":\"Thomas Doetsch\",\"image\":{\"@type\":\"ImageObject\",\"inLanguage\":\"de\",\"@id\":\"http:\/\/thomasdoetsch.de\/#\/schema\/person\/image\/\",\"url\":\"https:\/\/secure.gravatar.com\/avatar\/cc29bb57567c6b621a201e7093a9bc32b0e6e28732411b03ec824d85080cadd5?s=96&d=mm&r=g\",\"contentUrl\":\"https:\/\/secure.gravatar.com\/avatar\/cc29bb57567c6b621a201e7093a9bc32b0e6e28732411b03ec824d85080cadd5?s=96&d=mm&r=g\",\"caption\":\"Thomas Doetsch\"},\"logo\":{\"@id\":\"http:\/\/thomasdoetsch.de\/#\/schema\/person\/image\/\"}},{\"@type\":\"WebSite\",\"@id\":\"http:\/\/thomasdoetsch.de\/#website\",\"url\":\"http:\/\/thomasdoetsch.de\/\",\"name\":\"thomas doetsch architekt\",\"description\":\"\",\"publisher\":{\"@id\":\"http:\/\/thomasdoetsch.de\/#\/schema\/person\/0488903dc5310678d90339fd9d8b2c8f\"},\"potentialAction\":[{\"@type\":\"SearchAction\",\"target\":{\"@type\":\"EntryPoint\",\"urlTemplate\":\"http:\/\/thomasdoetsch.de\/?s={search_term_string}\"},\"query-input\":\"required name=search_term_string\"}],\"inLanguage\":\"de\"},{\"@type\":\"WebPage\",\"@id\":\"http:\/\/thomasdoetsch.de\/?page_id=3#webpage\",\"url\":\"http:\/\/thomasdoetsch.de\/?page_id=3\",\"name\":\"Datenschutzerkl\u00e4rung - thomas doetsch architekt\",\"isPartOf\":{\"@id\":\"http:\/\/thomasdoetsch.de\/#website\"},\"datePublished\":\"2022-04-01T08:44:04+00:00\",\"dateModified\":\"2022-10-18T13:54:11+00:00\",\"breadcrumb\":{\"@id\":\"http:\/\/thomasdoetsch.de\/?page_id=3#breadcrumb\"},\"inLanguage\":\"de\",\"potentialAction\":[{\"@type\":\"ReadAction\",\"target\":[\"http:\/\/thomasdoetsch.de\/?page_id=3\"]}]},{\"@type\":\"BreadcrumbList\",\"@id\":\"http:\/\/thomasdoetsch.de\/?page_id=3#breadcrumb\",\"itemListElement\":[{\"@type\":\"ListItem\",\"position\":1,\"name\":\"Startseite\",\"item\":\"http:\/\/thomasdoetsch.de\/\"},{\"@type\":\"ListItem\",\"position\":2,\"name\":\"Datenschutzerkl\u00e4rung\"}]}]}<\/script>\n<!-- \/ Yoast SEO plugin. -->","yoast_head_json":{"title":"Datenschutzerkl\u00e4rung - thomas doetsch architekt","robots":{"index":"index","follow":"follow","max-snippet":"max-snippet:-1","max-image-preview":"max-image-preview:large","max-video-preview":"max-video-preview:-1"},"canonical":"http:\/\/thomasdoetsch.de\/?page_id=3","og_locale":"de_DE","og_type":"article","og_title":"Datenschutzerkl\u00e4rung - thomas doetsch architekt","og_description":"Verantwortliche Stelle im Sinne der Datenschutzgesetze, insbesondere der EU-Datenschutzgrundverordnung (DSGVO), ist: Thomas DoetschSch\u00f6nhauser Allee 6410437 BerlinE-Mail: post@thomasdoetsch.de Impressum: www.thomasdoetsch.de\/impressum Ihre BetroffenenrechteUnter den angegebenen Kontaktdaten unseres Datenschutzbeauftragten k\u00f6nnen Sie jederzeit folgende Rechte aus\u00fcben: Auskunft \u00fcber Ihre bei uns gespeicherten Daten und deren Verarbeitung, Berichtigung unrichtiger personenbezogener...","og_url":"http:\/\/thomasdoetsch.de\/?page_id=3","og_site_name":"thomas doetsch architekt","article_modified_time":"2022-10-18T13:54:11+00:00","author":"KATY","twitter_card":"summary_large_image","twitter_misc":{"Gesch\u00e4tzte Lesezeit":"4\u00a0Minuten"},"schema":{"@context":"https:\/\/schema.org","@graph":[{"@type":["Person","Organization"],"@id":"http:\/\/thomasdoetsch.de\/#\/schema\/person\/0488903dc5310678d90339fd9d8b2c8f","name":"Thomas Doetsch","image":{"@type":"ImageObject","inLanguage":"de","@id":"http:\/\/thomasdoetsch.de\/#\/schema\/person\/image\/","url":"https:\/\/secure.gravatar.com\/avatar\/cc29bb57567c6b621a201e7093a9bc32b0e6e28732411b03ec824d85080cadd5?s=96&d=mm&r=g","contentUrl":"https:\/\/secure.gravatar.com\/avatar\/cc29bb57567c6b621a201e7093a9bc32b0e6e28732411b03ec824d85080cadd5?s=96&d=mm&r=g","caption":"Thomas Doetsch"},"logo":{"@id":"http:\/\/thomasdoetsch.de\/#\/schema\/person\/image\/"}},{"@type":"WebSite","@id":"http:\/\/thomasdoetsch.de\/#website","url":"http:\/\/thomasdoetsch.de\/","name":"thomas doetsch architekt","description":"","publisher":{"@id":"http:\/\/thomasdoetsch.de\/#\/schema\/person\/0488903dc5310678d90339fd9d8b2c8f"},"potentialAction":[{"@type":"SearchAction","target":{"@type":"EntryPoint","urlTemplate":"http:\/\/thomasdoetsch.de\/?s={search_term_string}"},"query-input":"required name=search_term_string"}],"inLanguage":"de"},{"@type":"WebPage","@id":"http:\/\/thomasdoetsch.de\/?page_id=3#webpage","url":"http:\/\/thomasdoetsch.de\/?page_id=3","name":"Datenschutzerkl\u00e4rung - thomas doetsch architekt","isPartOf":{"@id":"http:\/\/thomasdoetsch.de\/#website"},"datePublished":"2022-04-01T08:44:04+00:00","dateModified":"2022-10-18T13:54:11+00:00","breadcrumb":{"@id":"http:\/\/thomasdoetsch.de\/?page_id=3#breadcrumb"},"inLanguage":"de","potentialAction":[{"@type":"ReadAction","target":["http:\/\/thomasdoetsch.de\/?page_id=3"]}]},{"@type":"BreadcrumbList","@id":"http:\/\/thomasdoetsch.de\/?page_id=3#breadcrumb","itemListElement":[{"@type":"ListItem","position":1,"name":"Startseite","item":"http:\/\/thomasdoetsch.de\/"},{"@type":"ListItem","position":2,"name":"Datenschutzerkl\u00e4rung"}]}]}},"_links":{"self":[{"href":"http:\/\/thomasdoetsch.de\/index.php?rest_route=\/wp\/v2\/pages\/3","targetHints":{"allow":["GET"]}}],"collection":[{"href":"http:\/\/thomasdoetsch.de\/index.php?rest_route=\/wp\/v2\/pages"}],"about":[{"href":"http:\/\/thomasdoetsch.de\/index.php?rest_route=\/wp\/v2\/types\/page"}],"author":[{"embeddable":true,"href":"http:\/\/thomasdoetsch.de\/index.php?rest_route=\/wp\/v2\/users\/1"}],"replies":[{"embeddable":true,"href":"http:\/\/thomasdoetsch.de\/index.php?rest_route=%2Fwp%2Fv2%2Fcomments&post=3"}],"version-history":[{"count":19,"href":"http:\/\/thomasdoetsch.de\/index.php?rest_route=\/wp\/v2\/pages\/3\/revisions"}],"predecessor-version":[{"id":1225,"href":"http:\/\/thomasdoetsch.de\/index.php?rest_route=\/wp\/v2\/pages\/3\/revisions\/1225"}],"wp:attachment":[{"href":"http:\/\/thomasdoetsch.de\/index.php?rest_route=%2Fwp%2Fv2%2Fmedia&parent=3"}],"curies":[{"name":"wp","href":"https:\/\/api.w.org\/{rel}","templated":true}]}}