{"id":286,"date":"2019-10-04T07:05:52","date_gmt":"2019-10-04T07:05:52","guid":{"rendered":"https:\/\/bridge259.qodeinteractive.com\/?page_id=286"},"modified":"2022-04-22T18:51:52","modified_gmt":"2022-04-22T16:51:52","slug":"our-work","status":"publish","type":"page","link":"http:\/\/thomasdoetsch.de\/?page_id=286","title":{"rendered":"Projekte"},"content":{"rendered":"\t\t<div data-elementor-type=\"wp-page\" data-elementor-id=\"286\" class=\"elementor elementor-286\">\n\t\t\t\t\t\t\t\t\t<section class=\"elementor-section elementor-top-section elementor-element elementor-element-24b9271 elementor-section-boxed elementor-section-height-default elementor-section-height-default parallax_section_no qode_elementor_container_no\" data-id=\"24b9271\" data-element_type=\"section\" data-settings=\"{&quot;background_background&quot;:&quot;classic&quot;}\">\n\t\t\t\t\t\t<div class=\"elementor-container elementor-column-gap-default\">\n\t\t\t\t\t<div class=\"elementor-column elementor-col-100 elementor-top-column elementor-element elementor-element-aed61f2\" data-id=\"aed61f2\" data-element_type=\"column\">\n\t\t\t<div class=\"elementor-widget-wrap\">\n\t\t\t\t\t\t\t\t\t<\/div>\n\t\t<\/div>\n\t\t\t\t\t\t\t<\/div>\n\t\t<\/section>\n\t\t\t\t<section class=\"elementor-section elementor-top-section elementor-element elementor-element-3809e71 elementor-section-full_width elementor-section-height-default elementor-section-height-default parallax_section_no qode_elementor_container_no\" data-id=\"3809e71\" data-element_type=\"section\">\n\t\t\t\t\t\t<div class=\"elementor-container elementor-column-gap-default\">\n\t\t\t\t\t<div class=\"elementor-column elementor-col-100 elementor-top-column elementor-element elementor-element-084c4d5\" data-id=\"084c4d5\" data-element_type=\"column\">\n\t\t\t<div class=\"elementor-widget-wrap elementor-element-populated\">\n\t\t\t\t\t\t\t\t<div class=\"elementor-element elementor-element-1ec56e5 elementor-widget elementor-widget-bridge_portfolio_list\" data-id=\"1ec56e5\" data-element_type=\"widget\" data-widget_type=\"bridge_portfolio_list.default\">\n\t\t\t\t<div class=\"elementor-widget-container\">\n\t\t\t<div class='projects_holder_outer v3 portfolio_with_space portfolio_with_hover_text'>\n        <div class='projects_holder portfolio_main_holder clearfix v3  hover_text portfolio_landscape_image portfolio_one_by_one'>\n        \n        <article class='mix portfolio_category_43 portfolio_category_24 portfolio_category_37 portfolio_category_41 default' style=''>\n    \n    \n    \n    \n            <div class=\"item_holder cursor_change_hover\">\n\n                    <div class=\"text_holder\">\n        <div class=\"text_holder_outer\">\n            <div class=\"text_holder_inner\">\n            \n    <h4 itemprop=\"name\" class=\"portfolio_title entry_title\"><a itemprop=\"url\" href=\"http:\/\/thomasdoetsch.de\/?portfolio_page=benin-bronzen-im-humboldt-forum\"  target=\"_self\"> Benin-Bronzen im Humboldt Forum<\/a><\/h4>\n\n    <span class=\"project_category\"  >\n    Ausstellungsplanung \/ Dauerausstellung \/ Objektverortung \/ Szenografie    <\/span>\n            <\/div>\n        <\/div>\n    <\/div>\n\n                                    <a itemprop=\"url\" class=\"portfolio_link_class\" title=\"Benin-Bronzen im Humboldt Forum\" href=\"http:\/\/thomasdoetsch.de\/?portfolio_page=benin-bronzen-im-humboldt-forum\"><\/a>\n                \n                <div style=\"background-color: #3A3A3AC4\" class=\"portfolio_shader\"><\/div>\n                <div class=\"image_holder\">\n                    \n<span class='image'><img loading=\"lazy\" decoding=\"async\" width=\"800\" height=\"600\" src=\"http:\/\/thomasdoetsch.de\/wp-content\/uploads\/2023\/03\/1_P1130074-1-800x600.jpg\" class=\"attachment-portfolio-landscape size-portfolio-landscape wp-post-image\" alt=\"\" srcset=\"http:\/\/thomasdoetsch.de\/wp-content\/uploads\/2023\/03\/1_P1130074-1-800x600.jpg 800w, http:\/\/thomasdoetsch.de\/wp-content\/uploads\/2023\/03\/1_P1130074-1-300x225.jpg 300w, http:\/\/thomasdoetsch.de\/wp-content\/uploads\/2023\/03\/1_P1130074-1-1024x768.jpg 1024w, http:\/\/thomasdoetsch.de\/wp-content\/uploads\/2023\/03\/1_P1130074-1-768x576.jpg 768w, http:\/\/thomasdoetsch.de\/wp-content\/uploads\/2023\/03\/1_P1130074-1-1536x1152.jpg 1536w, http:\/\/thomasdoetsch.de\/wp-content\/uploads\/2023\/03\/1_P1130074-1-2048x1536.jpg 2048w, http:\/\/thomasdoetsch.de\/wp-content\/uploads\/2023\/03\/1_P1130074-1-700x525.jpg 700w\" sizes=\"auto, (max-width: 800px) 100vw, 800px\" \/><\/span>                <\/div>\n            <\/div>\n\n        \n    \n<\/article>\n<article class='mix portfolio_category_43 portfolio_category_44 portfolio_category_37 portfolio_category_41 default' style=''>\n    \n    \n    \n    \n            <div class=\"item_holder cursor_change_hover\">\n\n                    <div class=\"text_holder\">\n        <div class=\"text_holder_outer\">\n            <div class=\"text_holder_inner\">\n            \n    <h4 itemprop=\"name\" class=\"portfolio_title entry_title\"><a itemprop=\"url\" href=\"http:\/\/thomasdoetsch.de\/?portfolio_page=humboldt-forum-transregionale-themenausstellungsflaeche-ambivalente-landschaften\"  target=\"_self\"> Humboldt Forum \u2013 Transregionale Themenausstellungsfl\u00e4che \u2013 Ambivalente Landschaften<\/a><\/h4>\n\n    <span class=\"project_category\"  >\n    Ausstellungsplanung \/ Grafik \/ Objektverortung \/ Szenografie    <\/span>\n            <\/div>\n        <\/div>\n    <\/div>\n\n                                    <a itemprop=\"url\" class=\"portfolio_link_class\" title=\"Humboldt Forum \u2013 Transregionale Themenausstellungsfl\u00e4che \u2013 Ambivalente Landschaften\" href=\"http:\/\/thomasdoetsch.de\/?portfolio_page=humboldt-forum-transregionale-themenausstellungsflaeche-ambivalente-landschaften\"><\/a>\n                \n                <div style=\"background-color: #3A3A3AC4\" class=\"portfolio_shader\"><\/div>\n                <div class=\"image_holder\">\n                    \n<span class='image'><img loading=\"lazy\" decoding=\"async\" width=\"800\" height=\"600\" src=\"http:\/\/thomasdoetsch.de\/wp-content\/uploads\/2023\/03\/0_IMG_1754-800x600.jpeg\" class=\"attachment-portfolio-landscape size-portfolio-landscape wp-post-image\" alt=\"\" \/><\/span>                <\/div>\n            <\/div>\n\n        \n    \n<\/article>\n<article class='mix portfolio_category_38 portfolio_category_43 portfolio_category_42 portfolio_category_37 portfolio_category_23 portfolio_category_41 default' style=''>\n    \n    \n    \n    \n            <div class=\"item_holder cursor_change_hover\">\n\n                    <div class=\"text_holder\">\n        <div class=\"text_holder_outer\">\n            <div class=\"text_holder_inner\">\n            \n    <h4 itemprop=\"name\" class=\"portfolio_title entry_title\"><a itemprop=\"url\" href=\"http:\/\/thomasdoetsch.de\/?portfolio_page=silber-fuer-sklaven-schaetze-des-mittelalters\"  target=\"_self\"> Silber f\u00fcr Sklaven &#8211; Sch\u00e4tze des Mittelalters<\/a><\/h4>\n\n    <span class=\"project_category\"  >\n    Art-Direction \/ Ausstellungsplanung \/ Konzept \/ Objektverortung \/ Sonderausstellung \/ Szenografie    <\/span>\n            <\/div>\n        <\/div>\n    <\/div>\n\n                                    <a itemprop=\"url\" class=\"portfolio_link_class\" title=\"Silber f\u00fcr Sklaven &#8211; Sch\u00e4tze des Mittelalters\" href=\"http:\/\/thomasdoetsch.de\/?portfolio_page=silber-fuer-sklaven-schaetze-des-mittelalters\"><\/a>\n                \n                <div style=\"background-color: #3A3A3AC4\" class=\"portfolio_shader\"><\/div>\n                <div class=\"image_holder\">\n                    \n<span class='image'><img loading=\"lazy\" decoding=\"async\" width=\"800\" height=\"600\" src=\"http:\/\/thomasdoetsch.de\/wp-content\/uploads\/2023\/03\/1_IMG_1515-800x600.jpg\" class=\"attachment-portfolio-landscape size-portfolio-landscape wp-post-image\" alt=\"\" \/><\/span>                <\/div>\n            <\/div>\n\n        \n    \n<\/article>\n<article class='mix portfolio_category_43 portfolio_category_23 default' style=''>\n    \n    \n    \n    \n            <div class=\"item_holder cursor_change_hover\">\n\n                    <div class=\"text_holder\">\n        <div class=\"text_holder_outer\">\n            <div class=\"text_holder_inner\">\n            \n    <h4 itemprop=\"name\" class=\"portfolio_title entry_title\"><a itemprop=\"url\" href=\"http:\/\/thomasdoetsch.de\/?portfolio_page=richard-wagner-und-das-deutsche-gefuehl\"  target=\"_self\"> Richard Wagner und das deutsche Gef\u00fchl<\/a><\/h4>\n\n    <span class=\"project_category\"  >\n    Ausstellungsplanung \/ Sonderausstellung    <\/span>\n            <\/div>\n        <\/div>\n    <\/div>\n\n                                    <a itemprop=\"url\" class=\"portfolio_link_class\" title=\"Richard Wagner und das deutsche Gef\u00fchl\" href=\"http:\/\/thomasdoetsch.de\/?portfolio_page=richard-wagner-und-das-deutsche-gefuehl\"><\/a>\n                \n                <div style=\"background-color: #3A3A3AC4\" class=\"portfolio_shader\"><\/div>\n                <div class=\"image_holder\">\n                    \n<span class='image'><img loading=\"lazy\" decoding=\"async\" width=\"800\" height=\"600\" src=\"http:\/\/thomasdoetsch.de\/wp-content\/uploads\/2022\/04\/dhm_rw_1_IMG_2385-800x600.jpeg\" class=\"attachment-portfolio-landscape size-portfolio-landscape wp-post-image\" alt=\"\" \/><\/span>                <\/div>\n            <\/div>\n\n        \n    \n<\/article>\n<article class='mix portfolio_category_43 portfolio_category_37 portfolio_category_23 portfolio_category_41 default' style=''>\n    \n    \n    \n    \n            <div class=\"item_holder cursor_change_hover\">\n\n                    <div class=\"text_holder\">\n        <div class=\"text_holder_outer\">\n            <div class=\"text_holder_inner\">\n            \n    <h4 itemprop=\"name\" class=\"portfolio_title entry_title\"><a itemprop=\"url\" href=\"http:\/\/thomasdoetsch.de\/?portfolio_page=weltenwanderer-sammlung-hoffmann\"  target=\"_self\"> Weltenwanderer &#8211; Sammlung Hoffmann<\/a><\/h4>\n\n    <span class=\"project_category\"  >\n    Ausstellungsplanung \/ Objektverortung \/ Sonderausstellung \/ Szenografie    <\/span>\n            <\/div>\n        <\/div>\n    <\/div>\n\n                                    <a itemprop=\"url\" class=\"portfolio_link_class\" title=\"Weltenwanderer &#8211; Sammlung Hoffmann\" href=\"http:\/\/thomasdoetsch.de\/?portfolio_page=weltenwanderer-sammlung-hoffmann\"><\/a>\n                \n                <div style=\"background-color: #3A3A3AC4\" class=\"portfolio_shader\"><\/div>\n                <div class=\"image_holder\">\n                    \n<span class='image'><img loading=\"lazy\" decoding=\"async\" width=\"800\" height=\"600\" src=\"http:\/\/thomasdoetsch.de\/wp-content\/uploads\/2022\/04\/g_kt_2og_weltenwanderer_1_IMG_1255-800x600.jpeg\" class=\"attachment-portfolio-landscape size-portfolio-landscape wp-post-image\" alt=\"\" \/><\/span>                <\/div>\n            <\/div>\n\n        \n    \n<\/article>\n<article class='mix portfolio_category_38 portfolio_category_43 portfolio_category_44 portfolio_category_42 portfolio_category_36 portfolio_category_15 portfolio_category_37 portfolio_category_23 portfolio_category_41 default' style=''>\n    \n    \n    \n    \n            <div class=\"item_holder cursor_change_hover\">\n\n                    <div class=\"text_holder\">\n        <div class=\"text_holder_outer\">\n            <div class=\"text_holder_inner\">\n            \n    <h4 itemprop=\"name\" class=\"portfolio_title entry_title\"><a itemprop=\"url\" href=\"http:\/\/thomasdoetsch.de\/?portfolio_page=1000-jahre-oberlausitz\"  target=\"_self\"> 1000 Jahre Oberlausitz<\/a><\/h4>\n\n    <span class=\"project_category\"  >\n    Art-Direction \/ Ausstellungsplanung \/ Grafik \/ Konzept \/ Medienplanung \/ Medienstation \/ Objektverortung \/ Sonderausstellung \/ Szenografie    <\/span>\n            <\/div>\n        <\/div>\n    <\/div>\n\n                                    <a itemprop=\"url\" class=\"portfolio_link_class\" title=\"1000 Jahre Oberlausitz\" href=\"http:\/\/thomasdoetsch.de\/?portfolio_page=1000-jahre-oberlausitz\"><\/a>\n                \n                <div style=\"background-color: #3A3A3AC4\" class=\"portfolio_shader\"><\/div>\n                <div class=\"image_holder\">\n                    \n<span class='image'><img loading=\"lazy\" decoding=\"async\" width=\"800\" height=\"600\" src=\"http:\/\/thomasdoetsch.de\/wp-content\/uploads\/2022\/04\/mb_1000_1_IMG_1170-800x600.jpeg\" class=\"attachment-portfolio-landscape size-portfolio-landscape wp-post-image\" alt=\"\" \/><\/span>                <\/div>\n            <\/div>\n\n        \n    \n<\/article>\n<article class='mix portfolio_category_14 default' style=''>\n    \n    \n    \n    \n            <div class=\"item_holder cursor_change_hover\">\n\n                    <div class=\"text_holder\">\n        <div class=\"text_holder_outer\">\n            <div class=\"text_holder_inner\">\n            \n    <h4 itemprop=\"name\" class=\"portfolio_title entry_title\"><a itemprop=\"url\" href=\"http:\/\/thomasdoetsch.de\/?portfolio_page=wettbewerb-stift-neuzelle-welcome-center-und-epilog-dauerausstellung\"  target=\"_self\"> Wettbewerb Stift Neuzelle \u2013 Welcome Center und Epilog Dauerausstellung<\/a><\/h4>\n\n    <span class=\"project_category\"  >\n    Wettbewerb    <\/span>\n            <\/div>\n        <\/div>\n    <\/div>\n\n                                    <a itemprop=\"url\" class=\"portfolio_link_class\" title=\"Wettbewerb Stift Neuzelle \u2013 Welcome Center und Epilog Dauerausstellung\" href=\"http:\/\/thomasdoetsch.de\/?portfolio_page=wettbewerb-stift-neuzelle-welcome-center-und-epilog-dauerausstellung\"><\/a>\n                \n                <div style=\"background-color: #3A3A3AC4\" class=\"portfolio_shader\"><\/div>\n                <div class=\"image_holder\">\n                    \n<span class='image'><img loading=\"lazy\" decoding=\"async\" width=\"741\" height=\"563\" src=\"http:\/\/thomasdoetsch.de\/wp-content\/uploads\/2022\/05\/Neuzelle_00.jpg\" class=\"attachment-portfolio-landscape size-portfolio-landscape wp-post-image\" alt=\"\" srcset=\"http:\/\/thomasdoetsch.de\/wp-content\/uploads\/2022\/05\/Neuzelle_00.jpg 741w, http:\/\/thomasdoetsch.de\/wp-content\/uploads\/2022\/05\/Neuzelle_00-300x228.jpg 300w, http:\/\/thomasdoetsch.de\/wp-content\/uploads\/2022\/05\/Neuzelle_00-500x380.jpg 500w, http:\/\/thomasdoetsch.de\/wp-content\/uploads\/2022\/05\/Neuzelle_00-700x532.jpg 700w\" sizes=\"auto, (max-width: 741px) 100vw, 741px\" \/><\/span>                <\/div>\n            <\/div>\n\n        \n    \n<\/article>\n<article class='mix portfolio_category_43 portfolio_category_44 portfolio_category_23 portfolio_category_41 default' style=''>\n    \n    \n    \n    \n            <div class=\"item_holder cursor_change_hover\">\n\n                    <div class=\"text_holder\">\n        <div class=\"text_holder_outer\">\n            <div class=\"text_holder_inner\">\n            \n    <h4 itemprop=\"name\" class=\"portfolio_title entry_title\"><a itemprop=\"url\" href=\"http:\/\/thomasdoetsch.de\/?portfolio_page=transregionale-themenausstellungsflaeche-schreibkulturen-in-suedostasien\"  target=\"_self\"> Transregionale Themenausstellungsfl\u00e4che &#8211; Schreibkulturen in S\u00fcdostasien<\/a><\/h4>\n\n    <span class=\"project_category\"  >\n    Ausstellungsplanung \/ Grafik \/ Sonderausstellung \/ Szenografie    <\/span>\n            <\/div>\n        <\/div>\n    <\/div>\n\n                                    <a itemprop=\"url\" class=\"portfolio_link_class\" title=\"Transregionale Themenausstellungsfl\u00e4che &#8211; Schreibkulturen in S\u00fcdostasien\" href=\"http:\/\/thomasdoetsch.de\/?portfolio_page=transregionale-themenausstellungsflaeche-schreibkulturen-in-suedostasien\"><\/a>\n                \n                <div style=\"background-color: #3A3A3AC4\" class=\"portfolio_shader\"><\/div>\n                <div class=\"image_holder\">\n                    \n<span class='image'><img loading=\"lazy\" decoding=\"async\" width=\"800\" height=\"600\" src=\"http:\/\/thomasdoetsch.de\/wp-content\/uploads\/2022\/04\/huf_ttaf_1_IMG_1862-800x600.jpeg\" class=\"attachment-portfolio-landscape size-portfolio-landscape wp-post-image\" alt=\"\" srcset=\"http:\/\/thomasdoetsch.de\/wp-content\/uploads\/2022\/04\/huf_ttaf_1_IMG_1862-800x600.jpeg 800w, http:\/\/thomasdoetsch.de\/wp-content\/uploads\/2022\/04\/huf_ttaf_1_IMG_1862-300x225.jpeg 300w, http:\/\/thomasdoetsch.de\/wp-content\/uploads\/2022\/04\/huf_ttaf_1_IMG_1862-1024x768.jpeg 1024w, http:\/\/thomasdoetsch.de\/wp-content\/uploads\/2022\/04\/huf_ttaf_1_IMG_1862-768x576.jpeg 768w, http:\/\/thomasdoetsch.de\/wp-content\/uploads\/2022\/04\/huf_ttaf_1_IMG_1862-1536x1152.jpeg 1536w, http:\/\/thomasdoetsch.de\/wp-content\/uploads\/2022\/04\/huf_ttaf_1_IMG_1862-2048x1536.jpeg 2048w, http:\/\/thomasdoetsch.de\/wp-content\/uploads\/2022\/04\/huf_ttaf_1_IMG_1862-700x525.jpeg 700w\" sizes=\"auto, (max-width: 800px) 100vw, 800px\" \/><\/span>                <\/div>\n            <\/div>\n\n        \n    \n<\/article>\n<article class='mix portfolio_category_43 portfolio_category_37 portfolio_category_23 default' style=''>\n    \n    \n    \n    \n            <div class=\"item_holder cursor_change_hover\">\n\n                    <div class=\"text_holder\">\n        <div class=\"text_holder_outer\">\n            <div class=\"text_holder_inner\">\n            \n    <h4 itemprop=\"name\" class=\"portfolio_title entry_title\"><a itemprop=\"url\" href=\"http:\/\/thomasdoetsch.de\/?portfolio_page=im-westen-viel-neues-facetten-des-expressionismus-in-rheinland-und-westfalen\"  target=\"_self\"> Im Westen viel Neues. Facetten des Expressionismus in Rheinland und Westfalen<\/a><\/h4>\n\n    <span class=\"project_category\"  >\n    Ausstellungsplanung \/ Objektverortung \/ Sonderausstellung    <\/span>\n            <\/div>\n        <\/div>\n    <\/div>\n\n                                    <a itemprop=\"url\" class=\"portfolio_link_class\" title=\"Im Westen viel Neues. Facetten des Expressionismus in Rheinland und Westfalen\" href=\"http:\/\/thomasdoetsch.de\/?portfolio_page=im-westen-viel-neues-facetten-des-expressionismus-in-rheinland-und-westfalen\"><\/a>\n                \n                <div style=\"background-color: #3A3A3AC4\" class=\"portfolio_shader\"><\/div>\n                <div class=\"image_holder\">\n                    \n<span class='image'><img loading=\"lazy\" decoding=\"async\" width=\"800\" height=\"600\" src=\"http:\/\/thomasdoetsch.de\/wp-content\/uploads\/2022\/04\/hsk_1_IMG_0860-800x600.jpeg\" class=\"attachment-portfolio-landscape size-portfolio-landscape wp-post-image\" alt=\"\" \/><\/span>                <\/div>\n            <\/div>\n\n        \n    \n<\/article>\n<article class='mix portfolio_category_38 portfolio_category_43 portfolio_category_44 portfolio_category_42 portfolio_category_15 portfolio_category_37 portfolio_category_23 portfolio_category_41 default' style=''>\n    \n    \n    \n    \n            <div class=\"item_holder cursor_change_hover\">\n\n                    <div class=\"text_holder\">\n        <div class=\"text_holder_outer\">\n            <div class=\"text_holder_inner\">\n            \n    <h4 itemprop=\"name\" class=\"portfolio_title entry_title\"><a itemprop=\"url\" href=\"http:\/\/thomasdoetsch.de\/?portfolio_page=social-platform\"  target=\"_self\"> Made in Berlin S\u00dcDWEST &#8211; 100 Jahre Innovationen<\/a><\/h4>\n\n    <span class=\"project_category\"  >\n    Art-Direction \/ Ausstellungsplanung \/ Grafik \/ Konzept \/ Medienstation \/ Objektverortung \/ Sonderausstellung \/ Szenografie    <\/span>\n            <\/div>\n        <\/div>\n    <\/div>\n\n                                    <a itemprop=\"url\" class=\"portfolio_link_class\" title=\"Made in Berlin S\u00dcDWEST &#8211; 100 Jahre Innovationen\" href=\"http:\/\/thomasdoetsch.de\/?portfolio_page=social-platform\"><\/a>\n                \n                <div style=\"background-color: #3A3A3AC4\" class=\"portfolio_shader\"><\/div>\n                <div class=\"image_holder\">\n                    \n<span class='image'><img loading=\"lazy\" decoding=\"async\" width=\"800\" height=\"600\" src=\"http:\/\/thomasdoetsch.de\/wp-content\/uploads\/2019\/10\/goerzwerk_3_IMG_0923-800x600.jpeg\" class=\"attachment-portfolio-landscape size-portfolio-landscape wp-post-image\" alt=\"\" \/><\/span>                <\/div>\n            <\/div>\n\n        \n    \n<\/article>\n<article class='mix portfolio_category_26 portfolio_category_24 portfolio_category_37 default' style=''>\n    \n    \n    \n    \n            <div class=\"item_holder cursor_change_hover\">\n\n                    <div class=\"text_holder\">\n        <div class=\"text_holder_outer\">\n            <div class=\"text_holder_inner\">\n            \n    <h4 itemprop=\"name\" class=\"portfolio_title entry_title\"><a itemprop=\"url\" href=\"http:\/\/thomasdoetsch.de\/?portfolio_page=schaumagazine-und-studiensammlungen\"  target=\"_self\"> Schaumagazine und Studiensammlungen<\/a><\/h4>\n\n    <span class=\"project_category\"  >\n    Beratung \/ Dauerausstellung \/ Objektverortung    <\/span>\n            <\/div>\n        <\/div>\n    <\/div>\n\n                                    <a itemprop=\"url\" class=\"portfolio_link_class\" title=\"Schaumagazine und Studiensammlungen\" href=\"http:\/\/thomasdoetsch.de\/?portfolio_page=schaumagazine-und-studiensammlungen\"><\/a>\n                \n                <div style=\"background-color: #3A3A3AC4\" class=\"portfolio_shader\"><\/div>\n                <div class=\"image_holder\">\n                    \n<span class='image'><img loading=\"lazy\" decoding=\"async\" width=\"800\" height=\"600\" src=\"http:\/\/thomasdoetsch.de\/wp-content\/uploads\/2022\/04\/huf_schau_1_MG_2472-800x600.jpeg\" class=\"attachment-portfolio-landscape size-portfolio-landscape wp-post-image\" alt=\"\" srcset=\"http:\/\/thomasdoetsch.de\/wp-content\/uploads\/2022\/04\/huf_schau_1_MG_2472-800x600.jpeg 800w, http:\/\/thomasdoetsch.de\/wp-content\/uploads\/2022\/04\/huf_schau_1_MG_2472-300x225.jpeg 300w, http:\/\/thomasdoetsch.de\/wp-content\/uploads\/2022\/04\/huf_schau_1_MG_2472-1024x768.jpeg 1024w, http:\/\/thomasdoetsch.de\/wp-content\/uploads\/2022\/04\/huf_schau_1_MG_2472-768x576.jpeg 768w, http:\/\/thomasdoetsch.de\/wp-content\/uploads\/2022\/04\/huf_schau_1_MG_2472-1536x1152.jpeg 1536w, http:\/\/thomasdoetsch.de\/wp-content\/uploads\/2022\/04\/huf_schau_1_MG_2472-2048x1536.jpeg 2048w, http:\/\/thomasdoetsch.de\/wp-content\/uploads\/2022\/04\/huf_schau_1_MG_2472-700x525.jpeg 700w\" sizes=\"auto, (max-width: 800px) 100vw, 800px\" \/><\/span>                <\/div>\n            <\/div>\n\n        \n    \n<\/article>\n<article class='mix portfolio_category_43 portfolio_category_24 default' style=''>\n    \n    \n    \n    \n            <div class=\"item_holder cursor_change_hover\">\n\n                    <div class=\"text_holder\">\n        <div class=\"text_holder_outer\">\n            <div class=\"text_holder_inner\">\n            \n    <h4 itemprop=\"name\" class=\"portfolio_title entry_title\"><a itemprop=\"url\" href=\"http:\/\/thomasdoetsch.de\/?portfolio_page=kindermuseum-juedisches-museum-berlin\"  target=\"_self\"> Anhoa \u2013 Kindermuseum J\u00fcdisches Museum Berlin<\/a><\/h4>\n\n    <span class=\"project_category\"  >\n    Ausstellungsplanung \/ Dauerausstellung    <\/span>\n            <\/div>\n        <\/div>\n    <\/div>\n\n                                    <a itemprop=\"url\" class=\"portfolio_link_class\" title=\"Anhoa \u2013 Kindermuseum J\u00fcdisches Museum Berlin\" href=\"http:\/\/thomasdoetsch.de\/?portfolio_page=kindermuseum-juedisches-museum-berlin\"><\/a>\n                \n                <div style=\"background-color: #3A3A3AC4\" class=\"portfolio_shader\"><\/div>\n                <div class=\"image_holder\">\n                    \n<span class='image'><img loading=\"lazy\" decoding=\"async\" width=\"800\" height=\"600\" src=\"http:\/\/thomasdoetsch.de\/wp-content\/uploads\/2022\/04\/0_KIMU_IMG_8936-Kopie-800x600.jpg\" class=\"attachment-portfolio-landscape size-portfolio-landscape wp-post-image\" alt=\"\" \/><\/span>                <\/div>\n            <\/div>\n\n        \n    \n<\/article>\n<article class='mix portfolio_category_14 default' style=''>\n    \n    \n    \n    \n            <div class=\"item_holder cursor_change_hover\">\n\n                    <div class=\"text_holder\">\n        <div class=\"text_holder_outer\">\n            <div class=\"text_holder_inner\">\n            \n    <h4 itemprop=\"name\" class=\"portfolio_title entry_title\"><a itemprop=\"url\" href=\"http:\/\/thomasdoetsch.de\/?portfolio_page=wettbewerb-vergabeverfahren-stiftung-neanderthal-museum-turm-hoehlenblick\"  target=\"_self\"> Wettbewerb Vergabeverfahren Stiftung Neanderthal Museum Turm H\u00f6hlenblick<\/a><\/h4>\n\n    <span class=\"project_category\"  >\n    Wettbewerb    <\/span>\n            <\/div>\n        <\/div>\n    <\/div>\n\n                                    <a itemprop=\"url\" class=\"portfolio_link_class\" title=\"Wettbewerb Vergabeverfahren Stiftung Neanderthal Museum Turm H\u00f6hlenblick\" href=\"http:\/\/thomasdoetsch.de\/?portfolio_page=wettbewerb-vergabeverfahren-stiftung-neanderthal-museum-turm-hoehlenblick\"><\/a>\n                \n                <div style=\"background-color: #3A3A3AC4\" class=\"portfolio_shader\"><\/div>\n                <div class=\"image_holder\">\n                    \n<span class='image'><img loading=\"lazy\" decoding=\"async\" width=\"800\" height=\"600\" src=\"http:\/\/thomasdoetsch.de\/wp-content\/uploads\/2022\/05\/neander_01-800x600.jpg\" class=\"attachment-portfolio-landscape size-portfolio-landscape wp-post-image\" alt=\"\" \/><\/span>                <\/div>\n            <\/div>\n\n        \n    \n<\/article>\n<article class='mix portfolio_category_14 default' style=''>\n    \n    \n    \n    \n            <div class=\"item_holder cursor_change_hover\">\n\n                    <div class=\"text_holder\">\n        <div class=\"text_holder_outer\">\n            <div class=\"text_holder_inner\">\n            \n    <h4 itemprop=\"name\" class=\"portfolio_title entry_title\"><a itemprop=\"url\" href=\"http:\/\/thomasdoetsch.de\/?portfolio_page=wettbewerb-fuerst-pueckler-museum-und-park\"  target=\"_self\"> Wettbewerb F\u00fcrst P\u00fcckler Museum und Park<\/a><\/h4>\n\n    <span class=\"project_category\"  >\n    Wettbewerb    <\/span>\n            <\/div>\n        <\/div>\n    <\/div>\n\n                                    <a itemprop=\"url\" class=\"portfolio_link_class\" title=\"Wettbewerb F\u00fcrst P\u00fcckler Museum und Park\" href=\"http:\/\/thomasdoetsch.de\/?portfolio_page=wettbewerb-fuerst-pueckler-museum-und-park\"><\/a>\n                \n                <div style=\"background-color: #3A3A3AC4\" class=\"portfolio_shader\"><\/div>\n                <div class=\"image_holder\">\n                    \n<span class='image'><img loading=\"lazy\" decoding=\"async\" width=\"800\" height=\"600\" src=\"http:\/\/thomasdoetsch.de\/wp-content\/uploads\/2022\/05\/1_210127_branitz_wettbewerb_marstall_fpudiw_booklet_korr_1-800x600.jpg\" class=\"attachment-portfolio-landscape size-portfolio-landscape wp-post-image\" alt=\"\" \/><\/span>                <\/div>\n            <\/div>\n\n        \n    \n<\/article>\n<article class='mix portfolio_category_14 default' style=''>\n    \n    \n    \n    \n            <div class=\"item_holder cursor_change_hover\">\n\n                    <div class=\"text_holder\">\n        <div class=\"text_holder_outer\">\n            <div class=\"text_holder_inner\">\n            \n    <h4 itemprop=\"name\" class=\"portfolio_title entry_title\"><a itemprop=\"url\" href=\"http:\/\/thomasdoetsch.de\/?portfolio_page=wettbewerb-museum-hinter-aegidien-braunschweig-praesentation-der-judaica-sammlung\"  target=\"_self\"> Wettbewerb Museum Hinter Aegidien Braunschweig \u2013 Pr\u00e4sentation der Judaica Sammlung<\/a><\/h4>\n\n    <span class=\"project_category\"  >\n    Wettbewerb    <\/span>\n            <\/div>\n        <\/div>\n    <\/div>\n\n                                    <a itemprop=\"url\" class=\"portfolio_link_class\" title=\"Wettbewerb Museum Hinter Aegidien Braunschweig \u2013 Pr\u00e4sentation der Judaica Sammlung\" href=\"http:\/\/thomasdoetsch.de\/?portfolio_page=wettbewerb-museum-hinter-aegidien-braunschweig-praesentation-der-judaica-sammlung\"><\/a>\n                \n                <div style=\"background-color: #3A3A3AC4\" class=\"portfolio_shader\"><\/div>\n                <div class=\"image_holder\">\n                    \n<span class='image'><img loading=\"lazy\" decoding=\"async\" width=\"800\" height=\"600\" src=\"http:\/\/thomasdoetsch.de\/wp-content\/uploads\/2022\/05\/BLM_1_Praesentation_MWS_klein_seite_1-800x600.jpg\" class=\"attachment-portfolio-landscape size-portfolio-landscape wp-post-image\" alt=\"\" \/><\/span>                <\/div>\n            <\/div>\n\n        \n    \n<\/article>\n<article class='mix portfolio_category_26 portfolio_category_24 default' style=''>\n    \n    \n    \n    \n            <div class=\"item_holder cursor_change_hover\">\n\n                    <div class=\"text_holder\">\n        <div class=\"text_holder_outer\">\n            <div class=\"text_holder_inner\">\n            \n    <h4 itemprop=\"name\" class=\"portfolio_title entry_title\"><a itemprop=\"url\" href=\"http:\/\/thomasdoetsch.de\/?portfolio_page=teehaus-im-japan-modul-des-humboldt-forum-berlin\"  target=\"_self\"> Teehaus im Japan Modul des Humboldt Forum Berlin<\/a><\/h4>\n\n    <span class=\"project_category\"  >\n    Beratung \/ Dauerausstellung    <\/span>\n            <\/div>\n        <\/div>\n    <\/div>\n\n                                    <a itemprop=\"url\" class=\"portfolio_link_class\" title=\"Teehaus im Japan Modul des Humboldt Forum Berlin\" href=\"http:\/\/thomasdoetsch.de\/?portfolio_page=teehaus-im-japan-modul-des-humboldt-forum-berlin\"><\/a>\n                \n                <div style=\"background-color: #3A3A3AC4\" class=\"portfolio_shader\"><\/div>\n                <div class=\"image_holder\">\n                    \n<span class='image'><img loading=\"lazy\" decoding=\"async\" width=\"800\" height=\"600\" src=\"http:\/\/thomasdoetsch.de\/wp-content\/uploads\/2022\/04\/huf_teehaus_1_IMG_5737-800x600.jpg\" class=\"attachment-portfolio-landscape size-portfolio-landscape wp-post-image\" alt=\"\" \/><\/span>                <\/div>\n            <\/div>\n\n        \n    \n<\/article>\n<article class='mix portfolio_category_34 default' style=''>\n    \n    \n    \n    \n            <div class=\"item_holder cursor_change_hover\">\n\n                    <div class=\"text_holder\">\n        <div class=\"text_holder_outer\">\n            <div class=\"text_holder_inner\">\n            \n    <h4 itemprop=\"name\" class=\"portfolio_title entry_title\"><a itemprop=\"url\" href=\"http:\/\/thomasdoetsch.de\/?portfolio_page=von-der-friedlichen-revolution-zur-deutschen-einheit\"  target=\"_self\"> Von der friedlichen Revolution zur deutschen Einheit<\/a><\/h4>\n\n    <span class=\"project_category\"  >\n    Ausstellungssystem    <\/span>\n            <\/div>\n        <\/div>\n    <\/div>\n\n                                    <a itemprop=\"url\" class=\"portfolio_link_class\" title=\"Von der friedlichen Revolution zur deutschen Einheit\" href=\"http:\/\/thomasdoetsch.de\/?portfolio_page=von-der-friedlichen-revolution-zur-deutschen-einheit\"><\/a>\n                \n                <div style=\"background-color: #3A3A3AC4\" class=\"portfolio_shader\"><\/div>\n                <div class=\"image_holder\">\n                    \n<span class='image'><img loading=\"lazy\" decoding=\"async\" width=\"800\" height=\"600\" src=\"http:\/\/thomasdoetsch.de\/wp-content\/uploads\/2022\/04\/agh_bln_1_IMG_7378-800x600.jpg\" class=\"attachment-portfolio-landscape size-portfolio-landscape wp-post-image\" alt=\"\" \/><\/span>                <\/div>\n            <\/div>\n\n        \n    \n<\/article>\n<article class='mix portfolio_category_38 portfolio_category_43 portfolio_category_36 portfolio_category_37 portfolio_category_17 portfolio_category_23 portfolio_category_41 default' style=''>\n    \n    \n    \n    \n            <div class=\"item_holder cursor_change_hover\">\n\n                    <div class=\"text_holder\">\n        <div class=\"text_holder_outer\">\n            <div class=\"text_holder_inner\">\n            \n    <h4 itemprop=\"name\" class=\"portfolio_title entry_title\"><a itemprop=\"url\" href=\"http:\/\/thomasdoetsch.de\/?portfolio_page=sport-schau-goerlitz-ein-partizipatives-ausstellungsprojekt\"  target=\"_self\"> Sport Schau G\u00f6rlitz. Ein partizipatives Ausstellungsprojekt<\/a><\/h4>\n\n    <span class=\"project_category\"  >\n    Art-Direction \/ Ausstellungsplanung \/ Medienplanung \/ Objektverortung \/ Partizipation \/ Sonderausstellung \/ Szenografie    <\/span>\n            <\/div>\n        <\/div>\n    <\/div>\n\n                                    <a itemprop=\"url\" class=\"portfolio_link_class\" title=\"Sport Schau G\u00f6rlitz. Ein partizipatives Ausstellungsprojekt\" href=\"http:\/\/thomasdoetsch.de\/?portfolio_page=sport-schau-goerlitz-ein-partizipatives-ausstellungsprojekt\"><\/a>\n                \n                <div style=\"background-color: #3A3A3AC4\" class=\"portfolio_shader\"><\/div>\n                <div class=\"image_holder\">\n                    \n<span class='image'><img loading=\"lazy\" decoding=\"async\" width=\"800\" height=\"600\" src=\"http:\/\/thomasdoetsch.de\/wp-content\/uploads\/2022\/04\/g_kt_2og_sport_1_IMG_7442-800x600.jpg\" class=\"attachment-portfolio-landscape size-portfolio-landscape wp-post-image\" alt=\"\" \/><\/span>                <\/div>\n            <\/div>\n\n        \n    \n<\/article>\n<article class='mix portfolio_category_15 portfolio_category_35 default' style=''>\n    \n    \n    \n    \n            <div class=\"item_holder cursor_change_hover\">\n\n                    <div class=\"text_holder\">\n        <div class=\"text_holder_outer\">\n            <div class=\"text_holder_inner\">\n            \n    <h4 itemprop=\"name\" class=\"portfolio_title entry_title\"><a itemprop=\"url\" href=\"http:\/\/thomasdoetsch.de\/?portfolio_page=multimediaguide-in-der-dauerausstellung-kaisertrutz-goerlitz\"  target=\"_self\"> Multimediaguide in der Dauerausstellung Kaisertrutz G\u00f6rlitz<\/a><\/h4>\n\n    <span class=\"project_category\"  >\n    Medienstation \/ Museumsp\u00e4dagogik    <\/span>\n            <\/div>\n        <\/div>\n    <\/div>\n\n                                    <a itemprop=\"url\" class=\"portfolio_link_class\" title=\"Multimediaguide in der Dauerausstellung Kaisertrutz G\u00f6rlitz\" href=\"http:\/\/thomasdoetsch.de\/?portfolio_page=multimediaguide-in-der-dauerausstellung-kaisertrutz-goerlitz\"><\/a>\n                \n                <div style=\"background-color: #3A3A3AC4\" class=\"portfolio_shader\"><\/div>\n                <div class=\"image_holder\">\n                    \n<span class='image'><img loading=\"lazy\" decoding=\"async\" width=\"800\" height=\"600\" src=\"http:\/\/thomasdoetsch.de\/wp-content\/uploads\/2022\/04\/Bildschirmfoto-2022-04-03-um-17.16.58-800x600.png\" class=\"attachment-portfolio-landscape size-portfolio-landscape wp-post-image\" alt=\"\" \/><\/span>                <\/div>\n            <\/div>\n\n        \n    \n<\/article>\n<article class='mix portfolio_category_43 portfolio_category_24 portfolio_category_35 portfolio_category_37 portfolio_category_41 default' style=''>\n    \n    \n    \n    \n            <div class=\"item_holder cursor_change_hover\">\n\n                    <div class=\"text_holder\">\n        <div class=\"text_holder_outer\">\n            <div class=\"text_holder_inner\">\n            \n    <h4 itemprop=\"name\" class=\"portfolio_title entry_title\"><a itemprop=\"url\" href=\"http:\/\/thomasdoetsch.de\/?portfolio_page=mittelalterlicher-bergbau-im-erzgebirge-und-informationspunkt-zu-den-mittelalterlichen-silberbergwerken-von-dippoldiswalde\"  target=\"_self\"> Mittelalterlicher Bergbau im Erzgebirge und Informationspunkt zu den mittelalterlichen Silberbergwerken von Dippoldiswalde<\/a><\/h4>\n\n    <span class=\"project_category\"  >\n    Ausstellungsplanung \/ Dauerausstellung \/ Museumsp\u00e4dagogik \/ Objektverortung \/ Szenografie    <\/span>\n            <\/div>\n        <\/div>\n    <\/div>\n\n                                    <a itemprop=\"url\" class=\"portfolio_link_class\" title=\"Mittelalterlicher Bergbau im Erzgebirge und Informationspunkt zu den mittelalterlichen Silberbergwerken von Dippoldiswalde\" href=\"http:\/\/thomasdoetsch.de\/?portfolio_page=mittelalterlicher-bergbau-im-erzgebirge-und-informationspunkt-zu-den-mittelalterlichen-silberbergwerken-von-dippoldiswalde\"><\/a>\n                \n                <div style=\"background-color: #3A3A3AC4\" class=\"portfolio_shader\"><\/div>\n                <div class=\"image_holder\">\n                    \n<span class='image'><img loading=\"lazy\" decoding=\"async\" width=\"800\" height=\"600\" src=\"http:\/\/thomasdoetsch.de\/wp-content\/uploads\/2022\/04\/dipps_4_MiBERZ_Dippoldiswalde-128-800x600.jpg\" class=\"attachment-portfolio-landscape size-portfolio-landscape wp-post-image\" alt=\"\" \/><\/span>                <\/div>\n            <\/div>\n\n        \n    \n<\/article>\n<article class='mix portfolio_category_43 portfolio_category_24 portfolio_category_37 portfolio_category_41 default' style=''>\n    \n    \n    \n    \n            <div class=\"item_holder cursor_change_hover\">\n\n                    <div class=\"text_holder\">\n        <div class=\"text_holder_outer\">\n            <div class=\"text_holder_inner\">\n            \n    <h4 itemprop=\"name\" class=\"portfolio_title entry_title\"><a itemprop=\"url\" href=\"http:\/\/thomasdoetsch.de\/?portfolio_page=kreuzgang-und-klostermuseum-neuzelle\"  target=\"_self\"> Stiftung Stift Neuzelle \u2013 Kreuzgang- und Klostermuseum Neuzelle<\/a><\/h4>\n\n    <span class=\"project_category\"  >\n    Ausstellungsplanung \/ Dauerausstellung \/ Objektverortung \/ Szenografie    <\/span>\n            <\/div>\n        <\/div>\n    <\/div>\n\n                                    <a itemprop=\"url\" class=\"portfolio_link_class\" title=\"Stiftung Stift Neuzelle \u2013 Kreuzgang- und Klostermuseum Neuzelle\" href=\"http:\/\/thomasdoetsch.de\/?portfolio_page=kreuzgang-und-klostermuseum-neuzelle\"><\/a>\n                \n                <div style=\"background-color: #3A3A3AC4\" class=\"portfolio_shader\"><\/div>\n                <div class=\"image_holder\">\n                    \n<span class='image'><img loading=\"lazy\" decoding=\"async\" width=\"800\" height=\"600\" src=\"http:\/\/thomasdoetsch.de\/wp-content\/uploads\/2022\/04\/neu_1_3_kriege_und_zerstoerung-800x600.jpg\" class=\"attachment-portfolio-landscape size-portfolio-landscape wp-post-image\" alt=\"\" \/><\/span>                <\/div>\n            <\/div>\n\n        \n    \n<\/article>\n<article class='mix portfolio_category_25 portfolio_category_43 portfolio_category_26 portfolio_category_42 portfolio_category_41 portfolio_category_39 default' style=''>\n    \n    \n    \n    \n            <div class=\"item_holder cursor_change_hover\">\n\n                    <div class=\"text_holder\">\n        <div class=\"text_holder_outer\">\n            <div class=\"text_holder_inner\">\n            \n    <h4 itemprop=\"name\" class=\"portfolio_title entry_title\"><a itemprop=\"url\" href=\"http:\/\/thomasdoetsch.de\/?portfolio_page=babel-21-migration-und-juedische-gemeinschaft\"  target=\"_self\"> #Babel 21. Migration und J\u00fcdische Gemeinschaft<\/a><\/h4>\n\n    <span class=\"project_category\"  >\n    Art-Handling \/ Ausstellungsplanung \/ Beratung \/ Konzept \/ Szenografie \/ Wanderausstellung    <\/span>\n            <\/div>\n        <\/div>\n    <\/div>\n\n                                    <a itemprop=\"url\" class=\"portfolio_link_class\" title=\"#Babel 21. Migration und J\u00fcdische Gemeinschaft\" href=\"http:\/\/thomasdoetsch.de\/?portfolio_page=babel-21-migration-und-juedische-gemeinschaft\"><\/a>\n                \n                <div style=\"background-color: #3A3A3AC4\" class=\"portfolio_shader\"><\/div>\n                <div class=\"image_holder\">\n                    \n<span class='image'><img loading=\"lazy\" decoding=\"async\" width=\"800\" height=\"600\" src=\"http:\/\/thomasdoetsch.de\/wp-content\/uploads\/2022\/04\/Babel21_Synagoge_2_10-800x600.jpg\" class=\"attachment-portfolio-landscape size-portfolio-landscape wp-post-image\" alt=\"\" \/><\/span>                <\/div>\n            <\/div>\n\n        \n    \n<\/article>\n<article class='mix portfolio_category_43 portfolio_category_16 portfolio_category_41 portfolio_category_39 default' style=''>\n    \n    \n    \n    \n            <div class=\"item_holder cursor_change_hover\">\n\n                    <div class=\"text_holder\">\n        <div class=\"text_holder_outer\">\n            <div class=\"text_holder_inner\">\n            \n    <h4 itemprop=\"name\" class=\"portfolio_title entry_title\"><a itemprop=\"url\" href=\"http:\/\/thomasdoetsch.de\/?portfolio_page=rassendiagnose-zigeuner\"  target=\"_self\"> \u201eRassendiagnose Zigeuner\u201c<\/a><\/h4>\n\n    <span class=\"project_category\"  >\n    Ausstellungsplanung \/ M\u00f6bel \/ Szenografie \/ Wanderausstellung    <\/span>\n            <\/div>\n        <\/div>\n    <\/div>\n\n                                    <a itemprop=\"url\" class=\"portfolio_link_class\" title=\"\u201eRassendiagnose Zigeuner\u201c\" href=\"http:\/\/thomasdoetsch.de\/?portfolio_page=rassendiagnose-zigeuner\"><\/a>\n                \n                <div style=\"background-color: #3A3A3AC4\" class=\"portfolio_shader\"><\/div>\n                <div class=\"image_holder\">\n                    \n<span class='image'><img loading=\"lazy\" decoding=\"async\" width=\"800\" height=\"600\" src=\"http:\/\/thomasdoetsch.de\/wp-content\/uploads\/2022\/04\/nb_1_sinti_P1100349-800x600.jpg\" class=\"attachment-portfolio-landscape size-portfolio-landscape wp-post-image\" alt=\"\" srcset=\"http:\/\/thomasdoetsch.de\/wp-content\/uploads\/2022\/04\/nb_1_sinti_P1100349-800x600.jpg 800w, http:\/\/thomasdoetsch.de\/wp-content\/uploads\/2022\/04\/nb_1_sinti_P1100349-300x225.jpg 300w, http:\/\/thomasdoetsch.de\/wp-content\/uploads\/2022\/04\/nb_1_sinti_P1100349-1024x768.jpg 1024w, http:\/\/thomasdoetsch.de\/wp-content\/uploads\/2022\/04\/nb_1_sinti_P1100349-768x576.jpg 768w, http:\/\/thomasdoetsch.de\/wp-content\/uploads\/2022\/04\/nb_1_sinti_P1100349-1536x1152.jpg 1536w, http:\/\/thomasdoetsch.de\/wp-content\/uploads\/2022\/04\/nb_1_sinti_P1100349-2048x1536.jpg 2048w, http:\/\/thomasdoetsch.de\/wp-content\/uploads\/2022\/04\/nb_1_sinti_P1100349-700x525.jpg 700w\" sizes=\"auto, (max-width: 800px) 100vw, 800px\" \/><\/span>                <\/div>\n            <\/div>\n\n        \n    \n<\/article>\n<article class='mix portfolio_category_38 portfolio_category_43 portfolio_category_26 portfolio_category_42 portfolio_category_36 portfolio_category_18 portfolio_category_17 portfolio_category_23 portfolio_category_41 default' style=''>\n    \n    \n    \n    \n            <div class=\"item_holder cursor_change_hover\">\n\n                    <div class=\"text_holder\">\n        <div class=\"text_holder_outer\">\n            <div class=\"text_holder_inner\">\n            \n    <h4 itemprop=\"name\" class=\"portfolio_title entry_title\"><a itemprop=\"url\" href=\"http:\/\/thomasdoetsch.de\/?portfolio_page=erfahrung-ddr-ein-partizipatives-ausstellungsprojekt\"  target=\"_self\"> Erfahrung DDR. Ein partizipatives Ausstellungsprojekt<\/a><\/h4>\n\n    <span class=\"project_category\"  >\n    Art-Direction \/ Ausstellungsplanung \/ Beratung \/ Konzept \/ Medienplanung \/ Outreach \/ Partizipation \/ Sonderausstellung \/ Szenografie    <\/span>\n            <\/div>\n        <\/div>\n    <\/div>\n\n                                    <a itemprop=\"url\" class=\"portfolio_link_class\" title=\"Erfahrung DDR. Ein partizipatives Ausstellungsprojekt\" href=\"http:\/\/thomasdoetsch.de\/?portfolio_page=erfahrung-ddr-ein-partizipatives-ausstellungsprojekt\"><\/a>\n                \n                <div style=\"background-color: #3A3A3AC4\" class=\"portfolio_shader\"><\/div>\n                <div class=\"image_holder\">\n                    \n<span class='image'><img loading=\"lazy\" decoding=\"async\" width=\"800\" height=\"600\" src=\"http:\/\/thomasdoetsch.de\/wp-content\/uploads\/2022\/04\/g_kt_2og_ddr_1_IMG_1785-800x600.jpg\" class=\"attachment-portfolio-landscape size-portfolio-landscape wp-post-image\" alt=\"\" \/><\/span>                <\/div>\n            <\/div>\n\n        \n    \n<\/article>\n<article class='mix portfolio_category_43 portfolio_category_34 portfolio_category_41 portfolio_category_39 default' style=''>\n    \n    \n    \n    \n            <div class=\"item_holder cursor_change_hover\">\n\n                    <div class=\"text_holder\">\n        <div class=\"text_holder_outer\">\n            <div class=\"text_holder_inner\">\n            \n    <h4 itemprop=\"name\" class=\"portfolio_title entry_title\"><a itemprop=\"url\" href=\"http:\/\/thomasdoetsch.de\/?portfolio_page=20-jahre-stolpersteine-in-berlin-gedenken-und-soziale-skulptur\"  target=\"_self\"> 20 Jahre Stolpersteine in Berlin \u2013 Gedenken und soziale Skulptur<\/a><\/h4>\n\n    <span class=\"project_category\"  >\n    Ausstellungsplanung \/ Ausstellungssystem \/ Szenografie \/ Wanderausstellung    <\/span>\n            <\/div>\n        <\/div>\n    <\/div>\n\n                                    <a itemprop=\"url\" class=\"portfolio_link_class\" title=\"20 Jahre Stolpersteine in Berlin \u2013 Gedenken und soziale Skulptur\" href=\"http:\/\/thomasdoetsch.de\/?portfolio_page=20-jahre-stolpersteine-in-berlin-gedenken-und-soziale-skulptur\"><\/a>\n                \n                <div style=\"background-color: #3A3A3AC4\" class=\"portfolio_shader\"><\/div>\n                <div class=\"image_holder\">\n                    \n<span class='image'><img loading=\"lazy\" decoding=\"async\" width=\"800\" height=\"600\" src=\"http:\/\/thomasdoetsch.de\/wp-content\/uploads\/2022\/04\/stolpersteine_3_IMG_1608-800x600.jpg\" class=\"attachment-portfolio-landscape size-portfolio-landscape wp-post-image\" alt=\"\" \/><\/span>                <\/div>\n            <\/div>\n\n        \n    \n<\/article>\n<article class='mix portfolio_category_38 portfolio_category_43 portfolio_category_36 portfolio_category_37 portfolio_category_23 portfolio_category_41 default' style=''>\n    \n    \n    \n    \n            <div class=\"item_holder cursor_change_hover\">\n\n                    <div class=\"text_holder\">\n        <div class=\"text_holder_outer\">\n            <div class=\"text_holder_inner\">\n            \n    <h4 itemprop=\"name\" class=\"portfolio_title entry_title\"><a itemprop=\"url\" href=\"http:\/\/thomasdoetsch.de\/?portfolio_page=denkfabrik-1600-das-gymnasium-augustum\"  target=\"_self\"> Denkfabrik 1600. Das Gymnasium Augustum<\/a><\/h4>\n\n    <span class=\"project_category\"  >\n    Art-Direction \/ Ausstellungsplanung \/ Medienplanung \/ Objektverortung \/ Sonderausstellung \/ Szenografie    <\/span>\n            <\/div>\n        <\/div>\n    <\/div>\n\n                                    <a itemprop=\"url\" class=\"portfolio_link_class\" title=\"Denkfabrik 1600. Das Gymnasium Augustum\" href=\"http:\/\/thomasdoetsch.de\/?portfolio_page=denkfabrik-1600-das-gymnasium-augustum\"><\/a>\n                \n                <div style=\"background-color: #3A3A3AC4\" class=\"portfolio_shader\"><\/div>\n                <div class=\"image_holder\">\n                    \n<span class='image'><img loading=\"lazy\" decoding=\"async\" width=\"800\" height=\"600\" src=\"http:\/\/thomasdoetsch.de\/wp-content\/uploads\/2022\/04\/g_kt_2og_denkfabrik_3_IIMG_8252-800x600.jpg\" class=\"attachment-portfolio-landscape size-portfolio-landscape wp-post-image\" alt=\"\" \/><\/span>                <\/div>\n            <\/div>\n\n        \n    \n<\/article>\n<article class='mix portfolio_category_38 portfolio_category_43 portfolio_category_24 portfolio_category_37 default' style=''>\n    \n    \n    \n    \n            <div class=\"item_holder cursor_change_hover\">\n\n                    <div class=\"text_holder\">\n        <div class=\"text_holder_outer\">\n            <div class=\"text_holder_inner\">\n            \n    <h4 itemprop=\"name\" class=\"portfolio_title entry_title\"><a itemprop=\"url\" href=\"http:\/\/thomasdoetsch.de\/?portfolio_page=gemaeldegalerie-der-moderne-in-goerlitz\"  target=\"_self\"> Gem\u00e4ldegalerie der Moderne in G\u00f6rlitz<\/a><\/h4>\n\n    <span class=\"project_category\"  >\n    Art-Direction \/ Ausstellungsplanung \/ Dauerausstellung \/ Objektverortung    <\/span>\n            <\/div>\n        <\/div>\n    <\/div>\n\n                                    <a itemprop=\"url\" class=\"portfolio_link_class\" title=\"Gem\u00e4ldegalerie der Moderne in G\u00f6rlitz\" href=\"http:\/\/thomasdoetsch.de\/?portfolio_page=gemaeldegalerie-der-moderne-in-goerlitz\"><\/a>\n                \n                <div style=\"background-color: #3A3A3AC4\" class=\"portfolio_shader\"><\/div>\n                <div class=\"image_holder\">\n                    \n<span class='image'><img loading=\"lazy\" decoding=\"async\" width=\"800\" height=\"600\" src=\"http:\/\/thomasdoetsch.de\/wp-content\/uploads\/2022\/04\/g_kt_gemaeldegalerie_1_anfang_mit_rueckblick-800x600.jpg\" class=\"attachment-portfolio-landscape size-portfolio-landscape wp-post-image\" alt=\"\" \/><\/span>                <\/div>\n            <\/div>\n\n        \n    \n<\/article>\n<article class='mix portfolio_category_38 portfolio_category_43 portfolio_category_24 portfolio_category_42 portfolio_category_36 portfolio_category_37 portfolio_category_41 default' style=''>\n    \n    \n    \n    \n            <div class=\"item_holder cursor_change_hover\">\n\n                    <div class=\"text_holder\">\n        <div class=\"text_holder_outer\">\n            <div class=\"text_holder_inner\">\n            \n    <h4 itemprop=\"name\" class=\"portfolio_title entry_title\"><a itemprop=\"url\" href=\"http:\/\/thomasdoetsch.de\/?portfolio_page=europaeisches-bildungs-und-kulturzentrum-oliver-messiaen-stalag-viiia\"  target=\"_self\"> Europ\u00e4isches Bildungs- und Kulturzentrum Oliver Messiaen Stalag VIIIA<\/a><\/h4>\n\n    <span class=\"project_category\"  >\n    Art-Direction \/ Ausstellungsplanung \/ Dauerausstellung \/ Konzept \/ Medienplanung \/ Objektverortung \/ Szenografie    <\/span>\n            <\/div>\n        <\/div>\n    <\/div>\n\n                                    <a itemprop=\"url\" class=\"portfolio_link_class\" title=\"Europ\u00e4isches Bildungs- und Kulturzentrum Oliver Messiaen Stalag VIIIA\" href=\"http:\/\/thomasdoetsch.de\/?portfolio_page=europaeisches-bildungs-und-kulturzentrum-oliver-messiaen-stalag-viiia\"><\/a>\n                \n                <div style=\"background-color: #3A3A3AC4\" class=\"portfolio_shader\"><\/div>\n                <div class=\"image_holder\">\n                    \n<span class='image'><img loading=\"lazy\" decoding=\"async\" width=\"800\" height=\"600\" src=\"http:\/\/thomasdoetsch.de\/wp-content\/uploads\/2022\/04\/stalag_2_haelfte_links-800x600.jpg\" class=\"attachment-portfolio-landscape size-portfolio-landscape wp-post-image\" alt=\"\" \/><\/span>                <\/div>\n            <\/div>\n\n        \n    \n<\/article>\n<article class='mix portfolio_category_43 portfolio_category_19 portfolio_category_23 default' style=''>\n    \n    \n    \n    \n            <div class=\"item_holder cursor_change_hover\">\n\n                    <div class=\"text_holder\">\n        <div class=\"text_holder_outer\">\n            <div class=\"text_holder_inner\">\n            \n    <h4 itemprop=\"name\" class=\"portfolio_title entry_title\"><a itemprop=\"url\" href=\"http:\/\/thomasdoetsch.de\/?portfolio_page=herzblut-geschichte-der-medizintechnik-landesausstellung-baden-wuerttemberg\"  target=\"_self\"> Herzblut &#8211; Geschichte der Medizintechnik \u2013 Landesausstellung Baden-W\u00fcrttemberg<\/a><\/h4>\n\n    <span class=\"project_category\"  >\n    Ausstellungsplanung \/ Hands-On \/ Sonderausstellung    <\/span>\n            <\/div>\n        <\/div>\n    <\/div>\n\n                                    <a itemprop=\"url\" class=\"portfolio_link_class\" title=\"Herzblut &#8211; Geschichte der Medizintechnik \u2013 Landesausstellung Baden-W\u00fcrttemberg\" href=\"http:\/\/thomasdoetsch.de\/?portfolio_page=herzblut-geschichte-der-medizintechnik-landesausstellung-baden-wuerttemberg\"><\/a>\n                \n                <div style=\"background-color: #3A3A3AC4\" class=\"portfolio_shader\"><\/div>\n                <div class=\"image_holder\">\n                    \n<span class='image'><img loading=\"lazy\" decoding=\"async\" width=\"800\" height=\"600\" src=\"http:\/\/thomasdoetsch.de\/wp-content\/uploads\/2022\/04\/techno_9_herzblut_IMG_0080-800x600.jpg\" class=\"attachment-portfolio-landscape size-portfolio-landscape wp-post-image\" alt=\"\" srcset=\"http:\/\/thomasdoetsch.de\/wp-content\/uploads\/2022\/04\/techno_9_herzblut_IMG_0080-800x600.jpg 800w, http:\/\/thomasdoetsch.de\/wp-content\/uploads\/2022\/04\/techno_9_herzblut_IMG_0080-300x225.jpg 300w, http:\/\/thomasdoetsch.de\/wp-content\/uploads\/2022\/04\/techno_9_herzblut_IMG_0080-1024x768.jpg 1024w, http:\/\/thomasdoetsch.de\/wp-content\/uploads\/2022\/04\/techno_9_herzblut_IMG_0080-768x576.jpg 768w, http:\/\/thomasdoetsch.de\/wp-content\/uploads\/2022\/04\/techno_9_herzblut_IMG_0080-1536x1152.jpg 1536w, http:\/\/thomasdoetsch.de\/wp-content\/uploads\/2022\/04\/techno_9_herzblut_IMG_0080-2048x1536.jpg 2048w, http:\/\/thomasdoetsch.de\/wp-content\/uploads\/2022\/04\/techno_9_herzblut_IMG_0080-700x525.jpg 700w\" sizes=\"auto, (max-width: 800px) 100vw, 800px\" \/><\/span>                <\/div>\n            <\/div>\n\n        \n    \n<\/article>\n<article class='mix portfolio_category_43 portfolio_category_19 portfolio_category_23 default' style=''>\n    \n    \n    \n    \n            <div class=\"item_holder cursor_change_hover\">\n\n                    <div class=\"text_holder\">\n        <div class=\"text_holder_outer\">\n            <div class=\"text_holder_inner\">\n            \n    <h4 itemprop=\"name\" class=\"portfolio_title entry_title\"><a itemprop=\"url\" href=\"http:\/\/thomasdoetsch.de\/?portfolio_page=cool-x-spitzencluster-cool-silicon\"  target=\"_self\"> Cool X \u2013 Spitzencluster Cool Silicon<\/a><\/h4>\n\n    <span class=\"project_category\"  >\n    Ausstellungsplanung \/ Hands-On \/ Sonderausstellung    <\/span>\n            <\/div>\n        <\/div>\n    <\/div>\n\n                                    <a itemprop=\"url\" class=\"portfolio_link_class\" title=\"Cool X \u2013 Spitzencluster Cool Silicon\" href=\"http:\/\/thomasdoetsch.de\/?portfolio_page=cool-x-spitzencluster-cool-silicon\"><\/a>\n                \n                <div style=\"background-color: #3A3A3AC4\" class=\"portfolio_shader\"><\/div>\n                <div class=\"image_holder\">\n                    \n<span class='image'><img loading=\"lazy\" decoding=\"async\" width=\"800\" height=\"600\" src=\"http:\/\/thomasdoetsch.de\/wp-content\/uploads\/2022\/04\/cool_1_IMG_9667-800x600.jpeg\" class=\"attachment-portfolio-landscape size-portfolio-landscape wp-post-image\" alt=\"\" srcset=\"http:\/\/thomasdoetsch.de\/wp-content\/uploads\/2022\/04\/cool_1_IMG_9667-800x600.jpeg 800w, http:\/\/thomasdoetsch.de\/wp-content\/uploads\/2022\/04\/cool_1_IMG_9667-300x225.jpeg 300w, http:\/\/thomasdoetsch.de\/wp-content\/uploads\/2022\/04\/cool_1_IMG_9667-1024x768.jpeg 1024w, http:\/\/thomasdoetsch.de\/wp-content\/uploads\/2022\/04\/cool_1_IMG_9667-768x576.jpeg 768w, http:\/\/thomasdoetsch.de\/wp-content\/uploads\/2022\/04\/cool_1_IMG_9667-1536x1152.jpeg 1536w, http:\/\/thomasdoetsch.de\/wp-content\/uploads\/2022\/04\/cool_1_IMG_9667-2048x1536.jpeg 2048w, http:\/\/thomasdoetsch.de\/wp-content\/uploads\/2022\/04\/cool_1_IMG_9667-700x525.jpeg 700w\" sizes=\"auto, (max-width: 800px) 100vw, 800px\" \/><\/span>                <\/div>\n            <\/div>\n\n        \n    \n<\/article>\n<article class='mix portfolio_category_38 portfolio_category_43 portfolio_category_24 portfolio_category_19 portfolio_category_42 portfolio_category_36 portfolio_category_15 portfolio_category_35 portfolio_category_37 portfolio_category_41 default' style=''>\n    \n    \n    \n    \n            <div class=\"item_holder cursor_change_hover\">\n\n                    <div class=\"text_holder\">\n        <div class=\"text_holder_outer\">\n            <div class=\"text_holder_inner\">\n            \n    <h4 itemprop=\"name\" class=\"portfolio_title entry_title\"><a itemprop=\"url\" href=\"http:\/\/thomasdoetsch.de\/?portfolio_page=barockhaus-neissstrasse-30\"  target=\"_self\"> Barockhaus Nei\u00dfstra\u00dfe 30<\/a><\/h4>\n\n    <span class=\"project_category\"  >\n    Art-Direction \/ Ausstellungsplanung \/ Dauerausstellung \/ Hands-On \/ Konzept \/ Medienplanung \/ Medienstation \/ Museumsp\u00e4dagogik \/ Objektverortung \/ Szenografie    <\/span>\n            <\/div>\n        <\/div>\n    <\/div>\n\n                                    <a itemprop=\"url\" class=\"portfolio_link_class\" title=\"Barockhaus Nei\u00dfstra\u00dfe 30\" href=\"http:\/\/thomasdoetsch.de\/?portfolio_page=barockhaus-neissstrasse-30\"><\/a>\n                \n                <div style=\"background-color: #3A3A3AC4\" class=\"portfolio_shader\"><\/div>\n                <div class=\"image_holder\">\n                    \n<span class='image'><img loading=\"lazy\" decoding=\"async\" width=\"800\" height=\"600\" src=\"http:\/\/thomasdoetsch.de\/wp-content\/uploads\/2022\/04\/g_n30_2_2og_2_n30_2og_204_ueberblick-800x600.jpg\" class=\"attachment-portfolio-landscape size-portfolio-landscape wp-post-image\" alt=\"\" \/><\/span>                <\/div>\n            <\/div>\n\n        \n    \n<\/article>\n<article class='mix portfolio_category_38 portfolio_category_43 portfolio_category_24 portfolio_category_19 portfolio_category_42 portfolio_category_36 portfolio_category_15 portfolio_category_16 portfolio_category_35 portfolio_category_37 portfolio_category_41 default' style=''>\n    \n    \n    \n    \n            <div class=\"item_holder cursor_change_hover\">\n\n                    <div class=\"text_holder\">\n        <div class=\"text_holder_outer\">\n            <div class=\"text_holder_inner\">\n            \n    <h4 itemprop=\"name\" class=\"portfolio_title entry_title\"><a itemprop=\"url\" href=\"http:\/\/thomasdoetsch.de\/?portfolio_page=kaisertrutz-goerlitz\"  target=\"_self\"> Kaisertrutz G\u00f6rlitz<\/a><\/h4>\n\n    <span class=\"project_category\"  >\n    Art-Direction \/ Ausstellungsplanung \/ Dauerausstellung \/ Hands-On \/ Konzept \/ Medienplanung \/ Medienstation \/ M\u00f6bel \/ Museumsp\u00e4dagogik \/ Objektverortung \/ Szenografie    <\/span>\n            <\/div>\n        <\/div>\n    <\/div>\n\n                                    <a itemprop=\"url\" class=\"portfolio_link_class\" title=\"Kaisertrutz G\u00f6rlitz\" href=\"http:\/\/thomasdoetsch.de\/?portfolio_page=kaisertrutz-goerlitz\"><\/a>\n                \n                <div style=\"background-color: #3A3A3AC4\" class=\"portfolio_shader\"><\/div>\n                <div class=\"image_holder\">\n                    \n<span class='image'><img loading=\"lazy\" decoding=\"async\" width=\"800\" height=\"600\" src=\"http:\/\/thomasdoetsch.de\/wp-content\/uploads\/2022\/04\/g_kt_da_2_ug_kt_ug_eingang_schublade-800x600.jpg\" class=\"attachment-portfolio-landscape size-portfolio-landscape wp-post-image\" alt=\"\" \/><\/span>                <\/div>\n            <\/div>\n\n        \n    \n<\/article>\n<article class='mix portfolio_category_38 portfolio_category_44 portfolio_category_19 portfolio_category_42 portfolio_category_18 portfolio_category_41 portfolio_category_39 default' style=''>\n    \n    \n    \n    \n            <div class=\"item_holder cursor_change_hover\">\n\n                    <div class=\"text_holder\">\n        <div class=\"text_holder_outer\">\n            <div class=\"text_holder_inner\">\n            \n    <h4 itemprop=\"name\" class=\"portfolio_title entry_title\"><a itemprop=\"url\" href=\"http:\/\/thomasdoetsch.de\/?portfolio_page=via-mobil-caravan-mit-anhaenger-als-begleitmassnahme-fuer-die-3-saechsische-landesausstellung\"  target=\"_self\"> Via Mobil &#8211; Caravan mit Anh\u00e4nger als Begleitma\u00dfnahme f\u00fcr die 3. S\u00e4chsische Landesausstellung<\/a><\/h4>\n\n    <span class=\"project_category\"  >\n    Art-Direction \/ Grafik \/ Hands-On \/ Konzept \/ Outreach \/ Szenografie \/ Wanderausstellung    <\/span>\n            <\/div>\n        <\/div>\n    <\/div>\n\n                                    <a itemprop=\"url\" class=\"portfolio_link_class\" title=\"Via Mobil &#8211; Caravan mit Anh\u00e4nger als Begleitma\u00dfnahme f\u00fcr die 3. S\u00e4chsische Landesausstellung\" href=\"http:\/\/thomasdoetsch.de\/?portfolio_page=via-mobil-caravan-mit-anhaenger-als-begleitmassnahme-fuer-die-3-saechsische-landesausstellung\"><\/a>\n                \n                <div style=\"background-color: #3A3A3AC4\" class=\"portfolio_shader\"><\/div>\n                <div class=\"image_holder\">\n                    \n<span class='image'><img loading=\"lazy\" decoding=\"async\" width=\"800\" height=\"600\" src=\"http:\/\/thomasdoetsch.de\/wp-content\/uploads\/2011\/05\/11_VM_Paris_thomas_doetsch_gr-800x600.jpg\" class=\"attachment-portfolio-landscape size-portfolio-landscape wp-post-image\" alt=\"\" \/><\/span>                <\/div>\n            <\/div>\n\n        \n    \n<\/article>\n<article class='mix portfolio_category_43 portfolio_category_37 portfolio_category_23 default' style=''>\n    \n    \n    \n    \n            <div class=\"item_holder cursor_change_hover\">\n\n                    <div class=\"text_holder\">\n        <div class=\"text_holder_outer\">\n            <div class=\"text_holder_inner\">\n            \n    <h4 itemprop=\"name\" class=\"portfolio_title entry_title\"><a itemprop=\"url\" href=\"http:\/\/thomasdoetsch.de\/?portfolio_page=3-saechsische-landesausstellung-via-regia-800-jahre-bewegung-und-begegnung\"  target=\"_self\"> 3. S\u00e4chsische Landesausstellung \u2013 Via Regia &#8211; 800 Jahre Bewegung und Begegnung<\/a><\/h4>\n\n    <span class=\"project_category\"  >\n    Ausstellungsplanung \/ Objektverortung \/ Sonderausstellung    <\/span>\n            <\/div>\n        <\/div>\n    <\/div>\n\n                                    <a itemprop=\"url\" class=\"portfolio_link_class\" title=\"3. S\u00e4chsische Landesausstellung \u2013 Via Regia &#8211; 800 Jahre Bewegung und Begegnung\" href=\"http:\/\/thomasdoetsch.de\/?portfolio_page=3-saechsische-landesausstellung-via-regia-800-jahre-bewegung-und-begegnung\"><\/a>\n                \n                <div style=\"background-color: #3A3A3AC4\" class=\"portfolio_shader\"><\/div>\n                <div class=\"image_holder\">\n                    \n<span class='image'><img loading=\"lazy\" decoding=\"async\" width=\"800\" height=\"600\" src=\"http:\/\/thomasdoetsch.de\/wp-content\/uploads\/2022\/04\/3sla_3_IMG_1965-800x600.jpg\" class=\"attachment-portfolio-landscape size-portfolio-landscape wp-post-image\" alt=\"\" \/><\/span>                <\/div>\n            <\/div>\n\n        \n    \n<\/article>\n<article class='mix portfolio_category_43 portfolio_category_36 portfolio_category_15 portfolio_category_37 portfolio_category_23 portfolio_category_41 default' style=''>\n    \n    \n    \n    \n            <div class=\"item_holder cursor_change_hover\">\n\n                    <div class=\"text_holder\">\n        <div class=\"text_holder_outer\">\n            <div class=\"text_holder_inner\">\n            \n    <h4 itemprop=\"name\" class=\"portfolio_title entry_title\"><a itemprop=\"url\" href=\"http:\/\/thomasdoetsch.de\/?portfolio_page=von-luther-zum-bauhaus\"  target=\"_self\"> Von Luther zum Bauhaus<\/a><\/h4>\n\n    <span class=\"project_category\"  >\n    Ausstellungsplanung \/ Medienplanung \/ Medienstation \/ Objektverortung \/ Sonderausstellung \/ Szenografie    <\/span>\n            <\/div>\n        <\/div>\n    <\/div>\n\n                                    <a itemprop=\"url\" class=\"portfolio_link_class\" title=\"Von Luther zum Bauhaus\" href=\"http:\/\/thomasdoetsch.de\/?portfolio_page=von-luther-zum-bauhaus\"><\/a>\n                \n                <div style=\"background-color: #3A3A3AC4\" class=\"portfolio_shader\"><\/div>\n                <div class=\"image_holder\">\n                    \n<span class='image'><img loading=\"lazy\" decoding=\"async\" width=\"800\" height=\"600\" src=\"http:\/\/thomasdoetsch.de\/wp-content\/uploads\/2022\/04\/budpest_3_IMG_1532-800x600.jpeg\" class=\"attachment-portfolio-landscape size-portfolio-landscape wp-post-image\" alt=\"\" srcset=\"http:\/\/thomasdoetsch.de\/wp-content\/uploads\/2022\/04\/budpest_3_IMG_1532-800x600.jpeg 800w, http:\/\/thomasdoetsch.de\/wp-content\/uploads\/2022\/04\/budpest_3_IMG_1532-300x225.jpeg 300w, http:\/\/thomasdoetsch.de\/wp-content\/uploads\/2022\/04\/budpest_3_IMG_1532-1024x768.jpeg 1024w, http:\/\/thomasdoetsch.de\/wp-content\/uploads\/2022\/04\/budpest_3_IMG_1532-768x576.jpeg 768w, http:\/\/thomasdoetsch.de\/wp-content\/uploads\/2022\/04\/budpest_3_IMG_1532-1536x1152.jpeg 1536w, http:\/\/thomasdoetsch.de\/wp-content\/uploads\/2022\/04\/budpest_3_IMG_1532-2048x1536.jpeg 2048w, http:\/\/thomasdoetsch.de\/wp-content\/uploads\/2022\/04\/budpest_3_IMG_1532-700x525.jpeg 700w\" sizes=\"auto, (max-width: 800px) 100vw, 800px\" \/><\/span>                <\/div>\n            <\/div>\n\n        \n    \n<\/article>\n<article class='mix portfolio_category_43 portfolio_category_36 portfolio_category_15 portfolio_category_23 default' style=''>\n    \n    \n    \n    \n            <div class=\"item_holder cursor_change_hover\">\n\n                    <div class=\"text_holder\">\n        <div class=\"text_holder_outer\">\n            <div class=\"text_holder_inner\">\n            \n    <h4 itemprop=\"name\" class=\"portfolio_title entry_title\"><a itemprop=\"url\" href=\"http:\/\/thomasdoetsch.de\/?portfolio_page=von-luther-zum-bauhaus-sonderausstellung\"  target=\"_self\"> Von Luther zum Bauhaus \u2013 Sonderausstellung<\/a><\/h4>\n\n    <span class=\"project_category\"  >\n    Ausstellungsplanung \/ Medienplanung \/ Medienstation \/ Sonderausstellung    <\/span>\n            <\/div>\n        <\/div>\n    <\/div>\n\n                                    <a itemprop=\"url\" class=\"portfolio_link_class\" title=\"Von Luther zum Bauhaus \u2013 Sonderausstellung\" href=\"http:\/\/thomasdoetsch.de\/?portfolio_page=von-luther-zum-bauhaus-sonderausstellung\"><\/a>\n                \n                <div style=\"background-color: #3A3A3AC4\" class=\"portfolio_shader\"><\/div>\n                <div class=\"image_holder\">\n                    \n<span class='image'><img loading=\"lazy\" decoding=\"async\" width=\"800\" height=\"600\" src=\"http:\/\/thomasdoetsch.de\/wp-content\/uploads\/2022\/04\/vlzb_bonn_1_3_PRO_128_018-800x600.jpg\" class=\"attachment-portfolio-landscape size-portfolio-landscape wp-post-image\" alt=\"\" \/><\/span>                <\/div>\n            <\/div>\n\n        \n    \n<\/article>\n        <div class='filler'><\/div>\n            <div class='filler'><\/div>\n            <div class='filler'><\/div>\n        <\/div>\n\n    \n    <\/div>\t\t<\/div>\n\t\t\t\t<\/div>\n\t\t\t\t\t<\/div>\n\t\t<\/div>\n\t\t\t\t\t\t\t<\/div>\n\t\t<\/section>\n\t\t\t\t\t\t\t<\/div>\n\t\t","protected":false},"excerpt":{"rendered":"<p>Richard Wagner und das deutsche Gef\u00fchl Sonderausstellung Weltenwanderer &#8211; Sammlung Hoffmann Sonderausstellung 1000 Jahre Oberlausitz M\u00f6bel \/ Sonderausstellung Made in Berlin S\u00dcDWEST &#8211; 100 Jahre Innovationen Medienstation \/ M\u00f6bel \/ Sonderausstellung Schaumagazine und Studiensammlungen Art-Handling \/ Beratung \/ Dauerausstellung<\/p>\n","protected":false},"author":1,"featured_media":0,"parent":0,"menu_order":0,"comment_status":"closed","ping_status":"closed","template":"full_width.php","meta":{"footnotes":""},"class_list":["post-286","page","type-page","status-publish","hentry"],"yoast_head":"<!-- This site is optimized with the Yoast SEO plugin v19.2 - https:\/\/yoast.com\/wordpress\/plugins\/seo\/ -->\n<title>Projekte - thomas doetsch architekt<\/title>\n<meta name=\"robots\" content=\"index, follow, max-snippet:-1, max-image-preview:large, max-video-preview:-1\" \/>\n<link rel=\"canonical\" href=\"http:\/\/thomasdoetsch.de\/?page_id=286\" \/>\n<meta property=\"og:locale\" content=\"de_DE\" \/>\n<meta property=\"og:type\" content=\"article\" \/>\n<meta property=\"og:title\" content=\"Projekte - thomas doetsch architekt\" \/>\n<meta property=\"og:description\" content=\"Richard Wagner und das deutsche Gef\u00fchl Sonderausstellung Weltenwanderer &#8211; Sammlung Hoffmann Sonderausstellung 1000 Jahre Oberlausitz M\u00f6bel \/ Sonderausstellung Made in Berlin S\u00dcDWEST &#8211; 100 Jahre Innovationen Medienstation \/ M\u00f6bel \/ Sonderausstellung Schaumagazine und Studiensammlungen Art-Handling \/ Beratung \/ Dauerausstellung\" \/>\n<meta property=\"og:url\" content=\"http:\/\/thomasdoetsch.de\/?page_id=286\" \/>\n<meta property=\"og:site_name\" content=\"thomas doetsch architekt\" \/>\n<meta property=\"article:modified_time\" content=\"2022-04-22T16:51:52+00:00\" \/>\n<meta property=\"og:image\" content=\"http:\/\/thomasdoetsch.de\/NEU\/wp-content\/uploads\/2022\/04\/dhm_rw_1_IMG_2385-800x600.jpeg\" \/>\n<meta name=\"author\" content=\"KATY\" \/>\n<meta name=\"twitter:card\" content=\"summary_large_image\" \/>\n<script type=\"application\/ld+json\" class=\"yoast-schema-graph\">{\"@context\":\"https:\/\/schema.org\",\"@graph\":[{\"@type\":[\"Person\",\"Organization\"],\"@id\":\"http:\/\/thomasdoetsch.de\/#\/schema\/person\/0488903dc5310678d90339fd9d8b2c8f\",\"name\":\"Thomas Doetsch\",\"image\":{\"@type\":\"ImageObject\",\"inLanguage\":\"de\",\"@id\":\"http:\/\/thomasdoetsch.de\/#\/schema\/person\/image\/\",\"url\":\"https:\/\/secure.gravatar.com\/avatar\/cc29bb57567c6b621a201e7093a9bc32b0e6e28732411b03ec824d85080cadd5?s=96&d=mm&r=g\",\"contentUrl\":\"https:\/\/secure.gravatar.com\/avatar\/cc29bb57567c6b621a201e7093a9bc32b0e6e28732411b03ec824d85080cadd5?s=96&d=mm&r=g\",\"caption\":\"Thomas Doetsch\"},\"logo\":{\"@id\":\"http:\/\/thomasdoetsch.de\/#\/schema\/person\/image\/\"}},{\"@type\":\"WebSite\",\"@id\":\"http:\/\/thomasdoetsch.de\/#website\",\"url\":\"http:\/\/thomasdoetsch.de\/\",\"name\":\"thomas doetsch architekt\",\"description\":\"\",\"publisher\":{\"@id\":\"http:\/\/thomasdoetsch.de\/#\/schema\/person\/0488903dc5310678d90339fd9d8b2c8f\"},\"potentialAction\":[{\"@type\":\"SearchAction\",\"target\":{\"@type\":\"EntryPoint\",\"urlTemplate\":\"http:\/\/thomasdoetsch.de\/?s={search_term_string}\"},\"query-input\":\"required name=search_term_string\"}],\"inLanguage\":\"de\"},{\"@type\":\"ImageObject\",\"inLanguage\":\"de\",\"@id\":\"http:\/\/thomasdoetsch.de\/?page_id=286#primaryimage\",\"url\":\"http:\/\/thomasdoetsch.de\/NEU\/wp-content\/uploads\/2022\/04\/dhm_rw_1_IMG_2385-800x600.jpeg\",\"contentUrl\":\"http:\/\/thomasdoetsch.de\/NEU\/wp-content\/uploads\/2022\/04\/dhm_rw_1_IMG_2385-800x600.jpeg\"},{\"@type\":\"WebPage\",\"@id\":\"http:\/\/thomasdoetsch.de\/?page_id=286#webpage\",\"url\":\"http:\/\/thomasdoetsch.de\/?page_id=286\",\"name\":\"Projekte - thomas doetsch architekt\",\"isPartOf\":{\"@id\":\"http:\/\/thomasdoetsch.de\/#website\"},\"primaryImageOfPage\":{\"@id\":\"http:\/\/thomasdoetsch.de\/?page_id=286#primaryimage\"},\"datePublished\":\"2019-10-04T07:05:52+00:00\",\"dateModified\":\"2022-04-22T16:51:52+00:00\",\"breadcrumb\":{\"@id\":\"http:\/\/thomasdoetsch.de\/?page_id=286#breadcrumb\"},\"inLanguage\":\"de\",\"potentialAction\":[{\"@type\":\"ReadAction\",\"target\":[\"http:\/\/thomasdoetsch.de\/?page_id=286\"]}]},{\"@type\":\"BreadcrumbList\",\"@id\":\"http:\/\/thomasdoetsch.de\/?page_id=286#breadcrumb\",\"itemListElement\":[{\"@type\":\"ListItem\",\"position\":1,\"name\":\"Startseite\",\"item\":\"http:\/\/thomasdoetsch.de\/\"},{\"@type\":\"ListItem\",\"position\":2,\"name\":\"Projekte\"}]}]}<\/script>\n<!-- \/ Yoast SEO plugin. -->","yoast_head_json":{"title":"Projekte - thomas doetsch architekt","robots":{"index":"index","follow":"follow","max-snippet":"max-snippet:-1","max-image-preview":"max-image-preview:large","max-video-preview":"max-video-preview:-1"},"canonical":"http:\/\/thomasdoetsch.de\/?page_id=286","og_locale":"de_DE","og_type":"article","og_title":"Projekte - thomas doetsch architekt","og_description":"Richard Wagner und das deutsche Gef\u00fchl Sonderausstellung Weltenwanderer &#8211; Sammlung Hoffmann Sonderausstellung 1000 Jahre Oberlausitz M\u00f6bel \/ Sonderausstellung Made in Berlin S\u00dcDWEST &#8211; 100 Jahre Innovationen Medienstation \/ M\u00f6bel \/ Sonderausstellung Schaumagazine und Studiensammlungen Art-Handling \/ Beratung \/ Dauerausstellung","og_url":"http:\/\/thomasdoetsch.de\/?page_id=286","og_site_name":"thomas doetsch architekt","article_modified_time":"2022-04-22T16:51:52+00:00","og_image":[{"url":"http:\/\/thomasdoetsch.de\/NEU\/wp-content\/uploads\/2022\/04\/dhm_rw_1_IMG_2385-800x600.jpeg"}],"author":"KATY","twitter_card":"summary_large_image","schema":{"@context":"https:\/\/schema.org","@graph":[{"@type":["Person","Organization"],"@id":"http:\/\/thomasdoetsch.de\/#\/schema\/person\/0488903dc5310678d90339fd9d8b2c8f","name":"Thomas Doetsch","image":{"@type":"ImageObject","inLanguage":"de","@id":"http:\/\/thomasdoetsch.de\/#\/schema\/person\/image\/","url":"https:\/\/secure.gravatar.com\/avatar\/cc29bb57567c6b621a201e7093a9bc32b0e6e28732411b03ec824d85080cadd5?s=96&d=mm&r=g","contentUrl":"https:\/\/secure.gravatar.com\/avatar\/cc29bb57567c6b621a201e7093a9bc32b0e6e28732411b03ec824d85080cadd5?s=96&d=mm&r=g","caption":"Thomas Doetsch"},"logo":{"@id":"http:\/\/thomasdoetsch.de\/#\/schema\/person\/image\/"}},{"@type":"WebSite","@id":"http:\/\/thomasdoetsch.de\/#website","url":"http:\/\/thomasdoetsch.de\/","name":"thomas doetsch architekt","description":"","publisher":{"@id":"http:\/\/thomasdoetsch.de\/#\/schema\/person\/0488903dc5310678d90339fd9d8b2c8f"},"potentialAction":[{"@type":"SearchAction","target":{"@type":"EntryPoint","urlTemplate":"http:\/\/thomasdoetsch.de\/?s={search_term_string}"},"query-input":"required name=search_term_string"}],"inLanguage":"de"},{"@type":"ImageObject","inLanguage":"de","@id":"http:\/\/thomasdoetsch.de\/?page_id=286#primaryimage","url":"http:\/\/thomasdoetsch.de\/NEU\/wp-content\/uploads\/2022\/04\/dhm_rw_1_IMG_2385-800x600.jpeg","contentUrl":"http:\/\/thomasdoetsch.de\/NEU\/wp-content\/uploads\/2022\/04\/dhm_rw_1_IMG_2385-800x600.jpeg"},{"@type":"WebPage","@id":"http:\/\/thomasdoetsch.de\/?page_id=286#webpage","url":"http:\/\/thomasdoetsch.de\/?page_id=286","name":"Projekte - thomas doetsch architekt","isPartOf":{"@id":"http:\/\/thomasdoetsch.de\/#website"},"primaryImageOfPage":{"@id":"http:\/\/thomasdoetsch.de\/?page_id=286#primaryimage"},"datePublished":"2019-10-04T07:05:52+00:00","dateModified":"2022-04-22T16:51:52+00:00","breadcrumb":{"@id":"http:\/\/thomasdoetsch.de\/?page_id=286#breadcrumb"},"inLanguage":"de","potentialAction":[{"@type":"ReadAction","target":["http:\/\/thomasdoetsch.de\/?page_id=286"]}]},{"@type":"BreadcrumbList","@id":"http:\/\/thomasdoetsch.de\/?page_id=286#breadcrumb","itemListElement":[{"@type":"ListItem","position":1,"name":"Startseite","item":"http:\/\/thomasdoetsch.de\/"},{"@type":"ListItem","position":2,"name":"Projekte"}]}]}},"_links":{"self":[{"href":"http:\/\/thomasdoetsch.de\/index.php?rest_route=\/wp\/v2\/pages\/286","targetHints":{"allow":["GET"]}}],"collection":[{"href":"http:\/\/thomasdoetsch.de\/index.php?rest_route=\/wp\/v2\/pages"}],"about":[{"href":"http:\/\/thomasdoetsch.de\/index.php?rest_route=\/wp\/v2\/types\/page"}],"author":[{"embeddable":true,"href":"http:\/\/thomasdoetsch.de\/index.php?rest_route=\/wp\/v2\/users\/1"}],"replies":[{"embeddable":true,"href":"http:\/\/thomasdoetsch.de\/index.php?rest_route=%2Fwp%2Fv2%2Fcomments&post=286"}],"version-history":[{"count":20,"href":"http:\/\/thomasdoetsch.de\/index.php?rest_route=\/wp\/v2\/pages\/286\/revisions"}],"predecessor-version":[{"id":731,"href":"http:\/\/thomasdoetsch.de\/index.php?rest_route=\/wp\/v2\/pages\/286\/revisions\/731"}],"wp:attachment":[{"href":"http:\/\/thomasdoetsch.de\/index.php?rest_route=%2Fwp%2Fv2%2Fmedia&parent=286"}],"curies":[{"name":"wp","href":"https:\/\/api.w.org\/{rel}","templated":true}]}}